{"id":181650,"date":"2023-05-15T20:56:19","date_gmt":"2023-05-15T18:56:19","guid":{"rendered":"https:\/\/staging.fundacioncarf.org\/colabora\/pon-cara-a-tu-donativo\/saul-ruiz-garcia\/"},"modified":"2025-08-20T15:47:20","modified_gmt":"2025-08-20T13:47:20","slug":"saul-ruiz-garcia","status":"publish","type":"candidatos","link":"https:\/\/fundacioncarf.org\/pt\/colabora\/pon-cara-a-tu-donativo\/saul-ruiz-garcia\/","title":{"rendered":"Sa\u00fal Ruiz Garc\u00eda"},"content":{"rendered":"<p data-start=\"90\" data-end=\"257\"><span style=\"font-weight: 400;\">\"<\/span>Chamo-me Sa\u00fal Ruiz Garc\u00eda e sou sacerdote da diocese de Tabasco, no M\u00e9xico. H\u00e1 relativamente pouco tempo fui ordenado sacerdote pela imposi\u00e7\u00e3o das m\u00e3os do meu bispo.<\/p>\n<p data-start=\"259\" data-end=\"604\">Tinha 15 anos quando descobri o chamamento de Deus ao participar num movimento de adolescentes na minha par\u00f3quia, no munic\u00edpio de Nacajuca, na diocese de Tabasco. O testemunho de vida dos padres que nos acompanhavam na par\u00f3quia inspirou-me a escutar a voz de Deus que sussurrava ao meu ouvido: \"Vem, segue-me\".<\/p>\n<p data-start=\"606\" data-end=\"775\">Depois de terminar os meus estudos universit\u00e1rios, respondi ao chamamento que Deus me tinha feito sete anos antes, mas que recordava todos os dias como se fosse a primeira vez: \"Vem, segue-me\".<\/p>\n<p data-start=\"777\" data-end=\"906\">\"Desde 2016 que estudo teologia na Universidade de Navarra, gra\u00e7as ao apoio que recebo de v\u00f3s.<\/p>\n<p data-start=\"908\" data-end=\"1012\">Este ano de 2020 foi um ano muito dif\u00edcil e provavelmente nunca imagin\u00e1mos que ir\u00edamos viver uma situa\u00e7\u00e3o como esta.<\/p>\n<p data-start=\"1014\" data-end=\"1435\">Apesar disso, experimentei a gra\u00e7a de Deus na minha vida, pois no passado dia 31 de maio fui ordenado di\u00e1cono na par\u00f3quia de San Nicol\u00e1s, em Pamplona. Foi uma celebra\u00e7\u00e3o diferente, vivida na intimidade do Semin\u00e1rio Internacional de Bidasoa, partilhando com seminaristas e sacerdotes que me eram muito pr\u00f3ximos, uma vez que, devido \u00e0 pandemia, n\u00e3o foi poss\u00edvel que muitas mais pessoas nos acompanhassem como gostar\u00edamos.<\/p>\n<p data-start=\"1437\" data-end=\"1697\">Tive a oportunidade de me deslocar \u00e0 minha diocese em junho do mesmo ano. A\u00ed, a situa\u00e7\u00e3o era bastante complicada em rela\u00e7\u00e3o \u00e0 pandemia. As missas n\u00e3o eram celebradas na presen\u00e7a das pessoas e eu tinha de seguir as transmiss\u00f5es atrav\u00e9s das redes sociais.<\/p>\n<p data-start=\"1699\" data-end=\"1947\">Foi a 15 de agosto que recebi um telefonema do meu bispo. Informou-me que tinha tomado a decis\u00e3o de realizar a minha ordena\u00e7\u00e3o sacerdotal no dia 31 de agosto, dois dias antes do meu regresso a Espanha, porque eu tinha de continuar os meus estudos b\u00edblicos.<\/p>\n<p data-start=\"1949\" data-end=\"2249\">A ordena\u00e7\u00e3o sacerdotal foi ainda mais \u00edntima do que a ordena\u00e7\u00e3o diaconal, s\u00f3 o meu pai e os meus irm\u00e3os (10 pessoas convidadas) me podiam acompanhar e, como foi realizada no Semin\u00e1rio Maior da minha diocese, s\u00f3 os seminaristas e os padres da equipa de forma\u00e7\u00e3o estavam presentes, tudo estava \u00e0 porta fechada.<\/p>\n<p data-start=\"2251\" data-end=\"2642\">Durante a minha forma\u00e7\u00e3o no semin\u00e1rio, nove anos no total, quando pensava na ordena\u00e7\u00e3o sacerdotal, esperava partilhar este momento com o povo de Deus, mas quando chegou o momento, isto n\u00e3o foi poss\u00edvel devido \u00e0 situa\u00e7\u00e3o em que nos encontramos. Apesar disto, n\u00e3o deixei de sentir o apoio espiritual que muitas pessoas, amigos e conhecidos me t\u00eam expressado\".<\/p>\n<p data-start=\"2644\" data-end=\"2842\">Estou profundamente grato pelo enorme trabalho que fazem para que os padres e seminaristas possam continuar a nossa forma\u00e7\u00e3o, uma forma\u00e7\u00e3o com uma grande vis\u00e3o da universalidade da nossa Igreja.<\/p>\n<p data-start=\"2844\" data-end=\"2922\">Que Deus e a nossa M\u00e3e, a Virgem de Guadalupe, vos aben\u00e7oem abundantemente\".<span style=\"font-weight: 400;\">\"<\/span>.<\/p>","protected":false},"excerpt":{"rendered":"<p>\u00abSoy Sa\u00fal Ruiz Garc\u00eda, sacerdote de la di\u00f3cesis de Tabasco en M\u00e9xico. Hace relativamente poco recib\u00ed, por medio de la imposici\u00f3n de manos de mi obispo, la ordenaci\u00f3n sacerdotal. Ten\u00eda 15 a\u00f1os cuando descubr\u00ed la llamada de Dios mientras participaba en un movimiento de adolescentes en mi parroquia, en el municipio de Nacajuca, di\u00f3cesis de [&hellip;]<\/p>\n","protected":false},"featured_media":0,"menu_order":0,"template":"","format":"standard","meta":{"_acf_changed":false,"give_campaign_id":0,"footnotes":""},"tags":[120],"pcatd":[],"cantidad":[],"continente":[],"estadobeca":[3],"class_list":["post-181650","candidatos","type-candidatos","status-publish","format-standard","hentry","tag-sacerdote","estadobeca-en-curso"],"acf":[],"_links":{"self":[{"href":"https:\/\/fundacioncarf.org\/pt\/wp-json\/wp\/v2\/candidatos\/181650","targetHints":{"allow":["GET"]}}],"collection":[{"href":"https:\/\/fundacioncarf.org\/pt\/wp-json\/wp\/v2\/candidatos"}],"about":[{"href":"https:\/\/fundacioncarf.org\/pt\/wp-json\/wp\/v2\/types\/candidatos"}],"version-history":[{"count":3,"href":"https:\/\/fundacioncarf.org\/pt\/wp-json\/wp\/v2\/candidatos\/181650\/revisions"}],"predecessor-version":[{"id":223000,"href":"https:\/\/fundacioncarf.org\/pt\/wp-json\/wp\/v2\/candidatos\/181650\/revisions\/223000"}],"wp:attachment":[{"href":"https:\/\/fundacioncarf.org\/pt\/wp-json\/wp\/v2\/media?parent=181650"}],"wp:term":[{"taxonomy":"post_tag","embeddable":true,"href":"https:\/\/fundacioncarf.org\/pt\/wp-json\/wp\/v2\/tags?post=181650"},{"taxonomy":"pcatd","embeddable":true,"href":"https:\/\/fundacioncarf.org\/pt\/wp-json\/wp\/v2\/pcatd?post=181650"},{"taxonomy":"cantidad","embeddable":true,"href":"https:\/\/fundacioncarf.org\/pt\/wp-json\/wp\/v2\/cantidad?post=181650"},{"taxonomy":"continente","embeddable":true,"href":"https:\/\/fundacioncarf.org\/pt\/wp-json\/wp\/v2\/continente?post=181650"},{"taxonomy":"estadobeca","embeddable":true,"href":"https:\/\/fundacioncarf.org\/pt\/wp-json\/wp\/v2\/estadobeca?post=181650"}],"curies":[{"name":"wp","href":"https:\/\/api.w.org\/{rel}","templated":true}]}}