{"id":181604,"date":"2023-05-15T20:55:02","date_gmt":"2023-05-15T18:55:02","guid":{"rendered":"https:\/\/staging.fundacioncarf.org\/colabora\/pon-cara-a-tu-donativo\/julio-cesar-morillo-leal\/"},"modified":"2025-08-01T10:01:50","modified_gmt":"2025-08-01T08:01:50","slug":"julio-cesar-morillo-leal","status":"publish","type":"candidatos","link":"https:\/\/fundacioncarf.org\/pt\/colabora\/pon-cara-a-tu-donativo\/julio-cesar-morillo-leal\/","title":{"rendered":"Julio C\u00e9sar Morillo Leal"},"content":{"rendered":"<p><span style=\"font-weight: 400;\">\"<\/span>Julio C\u00e9sar Morillo tem 33 anos de idade e \u00e9 seminarista da diocese de Cabimas, Venezuela. Ele \u00e9 o mais velho de dois irm\u00e3os de uma fam\u00edlia humilde.<\/p>\n<p>\"Desde muito cedo que recebi muita aten\u00e7\u00e3o da minha fam\u00edlia, pois cresci com os meus av\u00f3s na sua aldeia durante os primeiros anos da minha vida.<\/p>\n<p class=\"Default\">Depois fui viver com os meus pais para a cidade e a mudan\u00e7a foi muito dif\u00edcil, porque houve poucas vezes em que pudemos estar em paz. Os meus pais n\u00e3o se entendiam muito e quando eu tinha cerca de 15 anos de idade, a situa\u00e7\u00e3o era t\u00e3o dif\u00edcil que at\u00e9 pensei em sair de casa, mas nessa altura os meus pais divorciaram-se e eu fiquei a viver com a minha irm\u00e3 e a minha m\u00e3e.<\/p>\n<p class=\"Default\">A partir dessa idade tive que assumir certas responsabilidades em minha casa e estabelecer v\u00e1rios objectivos que me levaram a concentrar-me em alcan\u00e7\u00e1-los com muito trabalho, dedica\u00e7\u00e3o e esfor\u00e7o. Eu desenhei de tal forma o que eu queria para a minha vida e segui esse plano at\u00e9 o conseguir.<\/p>\n<p class=\"Default\">Eu escolhi estudar engenharia porque sou apaixonado por n\u00fameros e por isso os meus sonhos baseavam-se principalmente em formar-me como engenheiro para que pudesse ent\u00e3o n\u00e3o s\u00f3 praticar na \u00e1rea, mas tamb\u00e9m ensinar a n\u00edvel universit\u00e1rio.<\/p>\n<p class=\"Default\">No que diz respeito \u00e0 minha voca\u00e7\u00e3o, devo dizer que cada um tem a sua pr\u00f3pria hist\u00f3ria e recebe o chamamento do Senhor para o seguir de uma forma particular. No meu caso, desde jovem pertenci a v\u00e1rios movimentos e grupos apost\u00f3licos dentro da Igreja no meu pa\u00eds, tais como Jovenmisi\u00f3n, Pastoral Juvenil, Cursillos de Cristiandad, Legi\u00f3n de Mar\u00eda, e um em particular, Encuentros Familiares de Venezuela, onde servi a Deus durante v\u00e1rios anos.<\/p>\n<p class=\"Default\">Curiosamente, este movimento centra-se na fam\u00edlia e no compromisso pessoal para criar uma fam\u00edlia futura. O meu projecto de vida estava focado neste caminho, enquanto eu sempre senti a presen\u00e7a de Deus no meu projecto profissional, o que me fez acreditar que isto era tamb\u00e9m o que Deus queria para mim.<\/p>\n<p class=\"Default\">Licenciei-me como Engenheiro Petrol\u00edfero e exerci a minha profiss\u00e3o neste campo e como Professor Universit\u00e1rio. Eu estava no auge do meu projecto profissional: a minha fam\u00edlia estava muito contente com os resultados que eu tinha obtido at\u00e9 agora e os meus amigos estavam um pouco admirados com as minhas realiza\u00e7\u00f5es em t\u00e3o tenra idade.<\/p>\n<p class=\"Default\">Pensei que isto seria a coisa que me faria totalmente feliz, mas na realidade n\u00e3o era. Senti-me um pouco vazio e tamb\u00e9m senti que fui chamado para outra coisa, por isso tive de me concentrar em descobri-la.<\/p>\n<p class=\"Default\">Foi um duro golpe perceber que o meu projecto tinha falhado apesar do sucesso que tinha alcan\u00e7ado at\u00e9 ent\u00e3o, e foi ent\u00e3o que comecei uma busca que, com a ajuda do meu director espiritual, realizei, come\u00e7ando por decidir deixar o meu futuro nas m\u00e3os de Deus e deixar que a Sua vontade fosse feita na minha vida.<\/p>\n<p class=\"Default\">Naquele momento percebi que embora tivesse feito o meu plano, nunca o tinha submetido a Deus para considera\u00e7\u00e3o para ver se era isso que Ele realmente queria para mim, mas apenas a minha ora\u00e7\u00e3o se baseava em pedir ajuda para o realizar e sinto que Deus me permitiu cumpri-lo.<\/p>\n<p class=\"Default\">A partir desse momento, v\u00e1rios acontecimentos come\u00e7aram a acontecer em que eu vi claramente que o Senhor me pedia para me entregar totalmente para O seguir: para deixar o meu trabalho, a minha profiss\u00e3o, os meus estudos, at\u00e9 mesmo a minha fam\u00edlia, que no in\u00edcio n\u00e3o concordava.<\/p>\n<p class=\"Default\">Eles n\u00e3o compreenderam a mudan\u00e7a que significaria deixar tudo o que eu tinha constru\u00eddo ao longo dos anos para embarcar num novo caminho. Alguns viram-no como um sinal de imaturidade ou confus\u00e3o da minha parte, e eu at\u00e9 senti que eles me viam com pena e desilus\u00e3o.<\/p>\n<p class=\"Default\">L\u00e1 lembrei-me de uma grande frase de S\u00e3o Jo\u00e3o Bosco que me fez confiar mais em Deus diante do que estava a experimentar: \"Quando se trata de seguir a pr\u00f3pria voca\u00e7\u00e3o, \u00e9 preciso estar pronto para sacrificar tudo\". Ent\u00e3o tomei a decis\u00e3o de embarcar nesta aventura de voca\u00e7\u00e3o e Deus encarregou-se gradualmente de colocar tudo no seu lugar, acompanhando a minha fam\u00edlia e ocupando o lugar que me restava neles.<\/p>\n<p class=\"Default\">Tenho sentido a miseric\u00f3rdia de Deus ao chamar-me e foi por isso que comecei a minha forma\u00e7\u00e3o h\u00e1 pouco mais de 6 anos, e at\u00e9 agora estou muito feliz por ver que o sonho que Deus teve para mim est\u00e1 a tornar-se realidade, apesar das minhas fraquezas\".<span style=\"font-weight: 400;\">\".<\/span><\/p>","protected":false},"excerpt":{"rendered":"<p>\u00abJulio C\u00e9sar Morillo tiene 38 a\u00f1os y es un seminarista de la di\u00f3cesis de Cabimas, Venezuela. Es el mayor de 2 hermanos de una familia humilde. \"Desde peque\u00f1o recib\u00ed mucha atenci\u00f3n por parte de mi familia ya que durante los primeros a\u00f1os de vida crec\u00ed con mis abuelos en su pueblo. Luego me fui a [&hellip;]<\/p>\n","protected":false},"featured_media":0,"menu_order":0,"template":"","format":"standard","meta":{"_acf_changed":false,"give_campaign_id":0,"footnotes":""},"tags":[121],"pcatd":[],"cantidad":[],"continente":[],"estadobeca":[3],"class_list":["post-181604","candidatos","type-candidatos","status-publish","format-standard","hentry","tag-seminarista","estadobeca-en-curso"],"acf":[],"_links":{"self":[{"href":"https:\/\/fundacioncarf.org\/pt\/wp-json\/wp\/v2\/candidatos\/181604","targetHints":{"allow":["GET"]}}],"collection":[{"href":"https:\/\/fundacioncarf.org\/pt\/wp-json\/wp\/v2\/candidatos"}],"about":[{"href":"https:\/\/fundacioncarf.org\/pt\/wp-json\/wp\/v2\/types\/candidatos"}],"version-history":[{"count":2,"href":"https:\/\/fundacioncarf.org\/pt\/wp-json\/wp\/v2\/candidatos\/181604\/revisions"}],"predecessor-version":[{"id":221067,"href":"https:\/\/fundacioncarf.org\/pt\/wp-json\/wp\/v2\/candidatos\/181604\/revisions\/221067"}],"wp:attachment":[{"href":"https:\/\/fundacioncarf.org\/pt\/wp-json\/wp\/v2\/media?parent=181604"}],"wp:term":[{"taxonomy":"post_tag","embeddable":true,"href":"https:\/\/fundacioncarf.org\/pt\/wp-json\/wp\/v2\/tags?post=181604"},{"taxonomy":"pcatd","embeddable":true,"href":"https:\/\/fundacioncarf.org\/pt\/wp-json\/wp\/v2\/pcatd?post=181604"},{"taxonomy":"cantidad","embeddable":true,"href":"https:\/\/fundacioncarf.org\/pt\/wp-json\/wp\/v2\/cantidad?post=181604"},{"taxonomy":"continente","embeddable":true,"href":"https:\/\/fundacioncarf.org\/pt\/wp-json\/wp\/v2\/continente?post=181604"},{"taxonomy":"estadobeca","embeddable":true,"href":"https:\/\/fundacioncarf.org\/pt\/wp-json\/wp\/v2\/estadobeca?post=181604"}],"curies":[{"name":"wp","href":"https:\/\/api.w.org\/{rel}","templated":true}]}}