{"id":181594,"date":"2023-05-15T20:53:29","date_gmt":"2023-05-15T18:53:29","guid":{"rendered":"https:\/\/staging.fundacioncarf.org\/colabora\/pon-cara-a-tu-donativo\/mon-carmelo-fidel-marcaida\/"},"modified":"2026-09-02T15:20:01","modified_gmt":"2026-09-02T13:20:01","slug":"mon-carmelo-fidel-marcaida","status":"publish","type":"candidatos","link":"https:\/\/fundacioncarf.org\/pt\/colabora\/pon-cara-a-tu-donativo\/mon-carmelo-fidel-marcaida\/","title":{"rendered":"Mon Carmelo Fidel Marcaida"},"content":{"rendered":"<p><span style=\"font-weight: 400;\">\"Entrei no semin\u00e1rio menor logo ap\u00f3s os meus anos de escola prim\u00e1ria, quando tinha 12 anos de idade. <\/span><\/p>\n<p><span style=\"font-weight: 400;\">A verdade \u00e9 que eu n\u00e3o fazia ideia de um semin\u00e1rio antes. Eu n\u00e3o sabia o que era um semin\u00e1rio at\u00e9 ouvir um an\u00fancio do p\u00e1roco da minha par\u00f3quia de que haveria um exame para aqueles que queriam entrar no semin\u00e1rio menor, e que a diocese estava \u00e0 procura de jovens rapazes que queriam tornar-se padres. <\/span><\/p>\n<p><span style=\"font-weight: 400;\">Comecei a perguntar aos meus pais se eu podia fazer o exame para entrar no semin\u00e1rio. Foi uma verdadeira surpresa para os meus pais porque eles nunca imaginaram que eu pudesse entrar no semin\u00e1rio. <\/span><\/p>\n<p><span style=\"font-weight: 400;\">Entrei no semin\u00e1rio sem voca\u00e7\u00e3o para ser sacerdote. Eu n\u00e3o tinha isso muito claro, acho que s\u00f3 queria ver a vida no semin\u00e1rio, s\u00f3 por curiosidade. <\/span><\/p>\n<p><span style=\"font-weight: 400;\">Enquanto os meus companheiros eram muito claros: eles queriam ser sacerdotes. Eu n\u00e3o sabia o que fazer. <\/span><\/p>\n<p><span style=\"font-weight: 400;\">Tive dificuldades no semin\u00e1rio. Eu tinha 12 anos de idade, n\u00e3o sabia lavar a minha roupa, limpar o meu quarto ou fazer a minha cama. Olho para tr\u00e1s com alegria para aqueles quatro anos no semin\u00e1rio menor. <\/span><\/p>\n<p><span style=\"font-weight: 400;\">Aprendi muitas coisas e l\u00e1 descobri a minha voca\u00e7\u00e3o para o sacerd\u00f3cio. Descobri que Deus estava a chamar-me para ser padre. <\/span><\/p>\n<p><span style=\"font-weight: 400;\">Eu tinha 15 anos de idade quando senti o chamamento do Senhor. Eu era muito jovem. Eu estava muito assustado. Eu n\u00e3o sabia como responder a este apelo ao sacerd\u00f3cio. Assim, na minha ora\u00e7\u00e3o eu disse ao Senhor: \"Senhor, torna tudo isto claro para mim, torna tudo isto claro para mim. Eu sou muito jovem, n\u00e3o sei o que fazer. Mas eu senti a sua chamada, ajude-me a respond\u00ea-la\".\u00a0<\/span><\/p>\n<p><span style=\"font-weight: 400;\">Depois do semin\u00e1rio menor, eu decidi continuar. <\/span><\/p>\n<p><span style=\"font-weight: 400;\">Os meus anos a estudar filosofia foram alguns dos melhores anos da minha vida. A minha voca\u00e7\u00e3o para o sacerd\u00f3cio estava a come\u00e7ar a crescer. Eu estava a come\u00e7ar a compreender o chamamento do Senhor. <\/span><\/p>\n<p><span style=\"font-weight: 400;\">Lembro-me perfeitamente do dia em que eu disse \"Sim\" ao Senhor. <\/span><\/p>\n<p><span style=\"font-weight: 400;\">Num Ver\u00e3o, o meu reitor mandou-me para uma ilha, muito remota, sem electricidade, sem nada. Foi muito dif\u00edcil para mim porque venho de uma cidade grande e n\u00e3o estava habituado a viver sem electricidade. O reitor enviou-me l\u00e1 para estar com o povo para rezar, acompanh\u00e1-lo, fazer catequese, dar aulas de catecismo para os jovens e os idosos e, sobretudo, celebrar a missa. Na aldeia onde estive, a missa s\u00f3 \u00e9 celebrada uma vez de dois em dois meses.\u00a0<\/span><\/p>\n<p><span style=\"font-weight: 400;\">Naquela ilha, eu disse \"Sim\" ao Senhor. Tenho visto a necessidade de um padre na minha diocese. Eu tenho visto a sede do povo pelos sacramentos. E quem sou eu para dizer N\u00c3O a esse grande apelo de Deus para ser o seu instrumento para levar os sacramentos a todos os povos. <\/span><\/p>\n<p><span style=\"font-weight: 400;\">Depois dessa experi\u00eancia, ficou claro para mim que eu ia ser um padre. Regressei a casa, muito feliz.<\/span><\/p>","protected":false},"excerpt":{"rendered":"<p>\u00abEntr\u00e9 en el seminario menor justo despu\u00e9s mis a\u00f1os en primaria eso cuando ten\u00eda 12 a\u00f1os. La verdad es que antes no ten\u00eda ninguna idea de un seminario. No sab\u00eda que es un seminario hasta que escuche un anuncio del cura p\u00e1rroco en mi parroquia que habr\u00e1 un examen para los que quieren entrar el [&hellip;]<\/p>\n","protected":false},"featured_media":0,"menu_order":0,"template":"","format":"standard","meta":{"_acf_changed":false,"footnotes":""},"tags":[121],"pcatd":[],"cantidad":[],"continente":[],"estadobeca":[3],"class_list":["post-181594","candidatos","type-candidatos","status-publish","format-standard","hentry","tag-seminarista","estadobeca-en-curso"],"acf":[],"_links":{"self":[{"href":"https:\/\/fundacioncarf.org\/pt\/wp-json\/wp\/v2\/candidatos\/181594","targetHints":{"allow":["GET"]}}],"collection":[{"href":"https:\/\/fundacioncarf.org\/pt\/wp-json\/wp\/v2\/candidatos"}],"about":[{"href":"https:\/\/fundacioncarf.org\/pt\/wp-json\/wp\/v2\/types\/candidatos"}],"version-history":[{"count":1,"href":"https:\/\/fundacioncarf.org\/pt\/wp-json\/wp\/v2\/candidatos\/181594\/revisions"}],"predecessor-version":[{"id":233605,"href":"https:\/\/fundacioncarf.org\/pt\/wp-json\/wp\/v2\/candidatos\/181594\/revisions\/233605"}],"wp:attachment":[{"href":"https:\/\/fundacioncarf.org\/pt\/wp-json\/wp\/v2\/media?parent=181594"}],"wp:term":[{"taxonomy":"post_tag","embeddable":true,"href":"https:\/\/fundacioncarf.org\/pt\/wp-json\/wp\/v2\/tags?post=181594"},{"taxonomy":"pcatd","embeddable":true,"href":"https:\/\/fundacioncarf.org\/pt\/wp-json\/wp\/v2\/pcatd?post=181594"},{"taxonomy":"cantidad","embeddable":true,"href":"https:\/\/fundacioncarf.org\/pt\/wp-json\/wp\/v2\/cantidad?post=181594"},{"taxonomy":"continente","embeddable":true,"href":"https:\/\/fundacioncarf.org\/pt\/wp-json\/wp\/v2\/continente?post=181594"},{"taxonomy":"estadobeca","embeddable":true,"href":"https:\/\/fundacioncarf.org\/pt\/wp-json\/wp\/v2\/estadobeca?post=181594"}],"curies":[{"name":"wp","href":"https:\/\/api.w.org\/{rel}","templated":true}]}}