{"id":181921,"date":"2023-05-15T21:01:33","date_gmt":"2023-05-15T19:01:33","guid":{"rendered":"https:\/\/staging.fundacioncarf.org\/colabora\/pon-cara-a-tu-donativo\/theogene-ndagijimana\/"},"modified":"2023-05-15T21:01:33","modified_gmt":"2023-05-15T19:01:33","slug":"theogene-ndagijimana","status":"publish","type":"candidatos","link":"https:\/\/fundacioncarf.org\/pl\/colabora\/pon-cara-a-tu-donativo\/theogene-ndagijimana\/","title":{"rendered":"Th\u00e9og\u00e8ne Ndagijimana"},"content":{"rendered":"<p><span style=\"font-weight: 400;\">Don <strong>Th\u00e9og\u00e8ne Ndagijimana<\/strong> pochodzi z Rwandy i jest ksi\u0119dzem w diecezji Nyundo. Odkry\u0142 swoje powo\u0142anie dzi\u0119ki rodzinie i studiuje na Papieskim Uniwersytecie \u015awi\u0119tego Krzy\u017ca w Rzymie.<\/span><\/p>\n<p><span style=\"font-weight: 400;\">\"Jestem Th\u00e9og\u00e8ne Ndagijimana, ksi\u0105dz diecezjalny z diecezji Nyundo w Rwandzie (Afryka). Urodzi\u0142am si\u0119 11 lipca 1988 r. w Bwishyura-Karongi w Rwandzie i w tym samym regionie dorasta\u0142am. Nie mam w\u0105tpliwo\u015bci, \u017ce chrze\u015bcija\u0144skie wychowanie, kt\u00f3re otrzyma\u0142em w rodzinie, jest g\u0142\u00f3wnym korzeniem mojego powo\u0142ania kap\u0142a\u0144skiego. Jednak ka\u017cde \u017cycie nie trwa bez piel\u0119gnowania, wi\u0119c moje \u017cycie chrze\u015bcija\u0144skie by\u0142o piel\u0119gnowane przez uczestnictwo we Mszy \u015awi\u0119tej i modlitwy rodzinne, kt\u00f3re mieli\u015bmy w domu.\u00a0<\/span><\/p>\n<p><span style=\"font-weight: 400;\">Po moim pierwszym <\/span><span style=\"font-weight: 400;\">komunii<\/span><span style=\"font-weight: 400;\">Zacz\u0105\u0142em s\u0142u\u017cy\u0107 do mszy jako ministrant. Pomog\u0142o mi to w obserwacji ksi\u0119\u017cy z naszej parafii, kt\u00f3rzy robili wszystko, aby przynie\u015b\u0107 nadziej\u0119 spo\u0142eczno\u015bci zranionej przez ludob\u00f3jstwo na Tutsi w 1994 roku. Widz\u0105c ksi\u0119\u017cy, kt\u00f3rzy w ten spos\u00f3b dawali z siebie wszystko, podczas gdy niekt\u00f3rzy byli osieroceni i byli \u015bwiadkami \u015bmierci swoich bliskich w najbardziej okrutny spos\u00f3b, zastanawia\u0142am si\u0119, w jaki spos\u00f3b ja r\u00f3wnie\u017c mog\u0119 przyczyni\u0107 si\u0119 do tego dzie\u0142a Bo\u017cego, aby przywr\u00f3ci\u0107 \u017cycie tak zranionemu spo\u0142ecze\u0144stwu jak nasze.<\/span><\/p>\n<p><span style=\"font-weight: 400;\">Po szkole podstawowej mia\u0142em mo\u017cliwo\u015b\u0107 wst\u0105pienia do ni\u017cszego seminarium, gdzie mia\u0142em wystarczaj\u0105co du\u017co czasu, aby rozmy\u015bla\u0107 nad swoim powo\u0142aniem, modli\u0107 si\u0119 i obserwowa\u0107. Pod koniec studi\u00f3w w ni\u017cszym seminarium napisa\u0142em podanie do naszego biskupa o przyj\u0119cie do wy\u017cszego seminarium. Po roku odpowiedzia\u0142 pozytywnie.<\/span><\/p>\n<p><span style=\"font-weight: 400;\">W czasie studi\u00f3w w Wy\u017cszym Seminarium Duchownym sp\u0119dza\u0142em wakacje w wielu parafiach i tam r\u00f3wnie\u017c dowiedzia\u0142em si\u0119 wiele o czekaj\u0105cej mnie pos\u0142udze. Jak wida\u0107, wiele rzeczy przyczyni\u0142o si\u0119 do piel\u0119gnowania i wzmacniania mojego powo\u0142ania.<\/span><\/p>\n<p><span style=\"font-weight: 400;\">Wszyscy jeste\u015bmy cz\u0142onkami tego samego Cia\u0142a i dlatego chc\u0119 podzi\u0119kowa\u0107 dobroczy\u0144com, kt\u00f3rzy tak bardzo nam pomagaj\u0105. Chcia\u0142bym r\u00f3wnie\u017c prosi\u0107 Pa\u0144stwa o modlitw\u0119 za mnie, abym by\u0142 wierny i s\u0142u\u017cy\u0142 Panu w tym trudnym zadaniu pojednania w moim kraju.<\/span><\/p>","protected":false},"excerpt":{"rendered":"<p>Don Th\u00e9og\u00e8ne Ndagijimana viene de Ruanda y es sacerdote de la Di\u00f3cesis de Nyundo. Descubri\u00f3 la vocaci\u00f3n gracias a la familia y est\u00e1 estudiando en la Pontificia Universidad de la Santa Cruz, en Roma. \u00abSoy Th\u00e9og\u00e8ne Ndagijimana, sacerdote diocesano de la Di\u00f3cesis de Nyundo en Ruanda (\u00c1frica). Nac\u00ed el 11 de julio de 1988 en [&hellip;]<\/p>\n","protected":false},"featured_media":0,"menu_order":0,"template":"","format":"standard","meta":{"_acf_changed":false,"give_campaign_id":0,"footnotes":""},"tags":[],"pcatd":[],"cantidad":[],"continente":[],"estadobeca":[],"class_list":["post-181921","candidatos","type-candidatos","status-publish","format-standard","hentry"],"acf":[],"_links":{"self":[{"href":"https:\/\/fundacioncarf.org\/pl\/wp-json\/wp\/v2\/candidatos\/181921","targetHints":{"allow":["GET"]}}],"collection":[{"href":"https:\/\/fundacioncarf.org\/pl\/wp-json\/wp\/v2\/candidatos"}],"about":[{"href":"https:\/\/fundacioncarf.org\/pl\/wp-json\/wp\/v2\/types\/candidatos"}],"version-history":[{"count":0,"href":"https:\/\/fundacioncarf.org\/pl\/wp-json\/wp\/v2\/candidatos\/181921\/revisions"}],"wp:attachment":[{"href":"https:\/\/fundacioncarf.org\/pl\/wp-json\/wp\/v2\/media?parent=181921"}],"wp:term":[{"taxonomy":"post_tag","embeddable":true,"href":"https:\/\/fundacioncarf.org\/pl\/wp-json\/wp\/v2\/tags?post=181921"},{"taxonomy":"pcatd","embeddable":true,"href":"https:\/\/fundacioncarf.org\/pl\/wp-json\/wp\/v2\/pcatd?post=181921"},{"taxonomy":"cantidad","embeddable":true,"href":"https:\/\/fundacioncarf.org\/pl\/wp-json\/wp\/v2\/cantidad?post=181921"},{"taxonomy":"continente","embeddable":true,"href":"https:\/\/fundacioncarf.org\/pl\/wp-json\/wp\/v2\/continente?post=181921"},{"taxonomy":"estadobeca","embeddable":true,"href":"https:\/\/fundacioncarf.org\/pl\/wp-json\/wp\/v2\/estadobeca?post=181921"}],"curies":[{"name":"wp","href":"https:\/\/api.w.org\/{rel}","templated":true}]}}