{"id":181650,"date":"2023-05-15T20:56:19","date_gmt":"2023-05-15T18:56:19","guid":{"rendered":"https:\/\/staging.fundacioncarf.org\/colabora\/pon-cara-a-tu-donativo\/saul-ruiz-garcia\/"},"modified":"2025-08-20T15:47:20","modified_gmt":"2025-08-20T13:47:20","slug":"saul-ruiz-garcia","status":"publish","type":"candidatos","link":"https:\/\/fundacioncarf.org\/pl\/colabora\/pon-cara-a-tu-donativo\/saul-ruiz-garcia\/","title":{"rendered":"Sa\u00fal Ruiz Garc\u00eda"},"content":{"rendered":"<p data-start=\"90\" data-end=\"257\"><span style=\"font-weight: 400;\">\"<\/span>Nazywam si\u0119 Sa\u00fal Ruiz Garc\u00eda, jestem ksi\u0119dzem z diecezji Tabasco w Meksyku. Stosunkowo niedawno zosta\u0142em wy\u015bwi\u0119cony na kap\u0142ana przez na\u0142o\u017cenie r\u0105k przez mojego biskupa.<\/p>\n<p data-start=\"259\" data-end=\"604\">Mia\u0142em 15 lat, kiedy odkry\u0142em Bo\u017ce powo\u0142anie, uczestnicz\u0105c w ruchu m\u0142odzie\u017cowym w mojej parafii, w gminie Nacajuca, w diecezji Tabasco. \u015awiadectwo \u017cycia ksi\u0119\u017cy, kt\u00f3rzy towarzyszyli nam w parafii, by\u0142o dla mnie inspiracj\u0105 do s\u0142uchania g\u0142osu Boga szepcz\u0105cego mi do ucha: \"Chod\u017a, p\u00f3jd\u017a za Mn\u0105\".<\/p>\n<p data-start=\"606\" data-end=\"775\">Po uko\u0144czeniu studi\u00f3w odpowiedzia\u0142em na wezwanie, kt\u00f3re B\u00f3g da\u0142 mi siedem lat wcze\u015bniej, ale kt\u00f3re pami\u0119ta\u0142em ka\u017cdego dnia jako pierwszy raz: \"Chod\u017a, chod\u017a za mn\u0105\".<\/p>\n<p data-start=\"777\" data-end=\"906\">\"Od 2016 roku studiuj\u0119 teologi\u0119 na Uniwersytecie Nawarry dzi\u0119ki wsparciu, kt\u00f3re otrzymuj\u0119 od Pa\u0144stwa.<\/p>\n<p data-start=\"908\" data-end=\"1012\">Ten rok 2020 by\u0142 bardzo trudny i prawdopodobnie nigdy nie wyobra\u017cali\u015bmy sobie, \u017ce prze\u017cyjemy tak\u0105 sytuacj\u0119.<\/p>\n<p data-start=\"1014\" data-end=\"1435\">Mimo to do\u015bwiadczy\u0142em \u0142aski Bo\u017cej w moim \u017cyciu, poniewa\u017c 31 maja zosta\u0142em wy\u015bwi\u0119cony na diakona w parafii San Nicol\u00e1s w Pampelunie. By\u0142a to innego rodzaju uroczysto\u015b\u0107, prze\u017cywana w intymno\u015bci Mi\u0119dzynarodowego Seminarium Bidasoa, dzielona z seminarzystami i kap\u0142anami, kt\u00f3rzy byli mi bardzo bliscy, poniewa\u017c z powodu pandemii nie by\u0142o mo\u017cliwe, aby towarzyszy\u0142o nam wi\u0119cej os\u00f3b, jak by\u015bmy chcieli.<\/p>\n<p data-start=\"1437\" data-end=\"1697\">W czerwcu tego samego roku mia\u0142em okazj\u0119 uda\u0107 si\u0119 do mojej diecezji. Tam sytuacja by\u0142a do\u015b\u0107 skomplikowana w zwi\u0105zku z pandemi\u0105. Msze nie by\u0142y odprawiane w obecno\u015bci ludzi, a ja musia\u0142em \u015bledzi\u0107 transmisje za po\u015brednictwem sieci spo\u0142eczno\u015bciowych.<\/p>\n<p data-start=\"1699\" data-end=\"1947\">15 sierpnia otrzyma\u0142em telefon od mojego biskupa. Poinformowa\u0142 mnie, \u017ce podj\u0105\u0142 decyzj\u0119 o udzieleniu mi \u015bwi\u0119ce\u0144 kap\u0142a\u0144skich 31 sierpnia, dwa dni przed moim powrotem do Hiszpanii, poniewa\u017c musia\u0142em kontynuowa\u0107 studia biblijne.<\/p>\n<p data-start=\"1949\" data-end=\"2249\">\u015awi\u0119cenia kap\u0142a\u0144skie by\u0142y jeszcze bardziej intymne ni\u017c \u015bwi\u0119cenia diakonatu, m\u00f3g\u0142 mi towarzyszy\u0107 tylko m\u00f3j ojciec i rodze\u0144stwo (10 os\u00f3b zaproszonych), a poniewa\u017c odbywa\u0142y si\u0119 w Wy\u017cszym Seminarium Duchownym mojej diecezji, obecni byli tylko klerycy i ksi\u0119\u017ca z zespo\u0142u formacyjnego, wszystko odbywa\u0142o si\u0119 za zamkni\u0119tymi drzwiami.<\/p>\n<p data-start=\"2251\" data-end=\"2642\">Podczas mojej formacji seminaryjnej, w sumie przez dziewi\u0119\u0107 lat, kiedy my\u015bla\u0142em o \u015bwi\u0119ceniach kap\u0142a\u0144skich, cieszy\u0142em si\u0119, \u017ce b\u0119d\u0119 m\u00f3g\u0142 dzieli\u0107 ten moment z ludem Bo\u017cym, ale kiedy nadszed\u0142 czas, nie by\u0142o to mo\u017cliwe ze wzgl\u0119du na sytuacj\u0119, w kt\u00f3rej si\u0119 znajdujemy. Mimo to nie przesta\u0142am odczuwa\u0107 duchowego wsparcia, kt\u00f3re wyrazi\u0142o mi wiele os\u00f3b, przyjaci\u00f3\u0142 i znajomych\".<\/p>\n<p data-start=\"2644\" data-end=\"2842\">Jestem g\u0142\u0119boko wdzi\u0119czny za ogromn\u0105 prac\u0119, kt\u00f3r\u0105 wykonuj\u0105, aby ksi\u0119\u017ca i seminarzy\u015bci mogli kontynuowa\u0107 nasz\u0105 formacj\u0119, formacj\u0119 z wielk\u0105 wizj\u0105 uniwersalno\u015bci naszego Ko\u015bcio\u0142a.<\/p>\n<p data-start=\"2844\" data-end=\"2922\">Niech B\u00f3g i nasza Matka, Dziewica z Guadalupe, obficie Wam b\u0142ogos\u0142awi\u0105\".<span style=\"font-weight: 400;\">\"<\/span>.<\/p>","protected":false},"excerpt":{"rendered":"<p>\u00abSoy Sa\u00fal Ruiz Garc\u00eda, sacerdote de la di\u00f3cesis de Tabasco en M\u00e9xico. Hace relativamente poco recib\u00ed, por medio de la imposici\u00f3n de manos de mi obispo, la ordenaci\u00f3n sacerdotal. Ten\u00eda 15 a\u00f1os cuando descubr\u00ed la llamada de Dios mientras participaba en un movimiento de adolescentes en mi parroquia, en el municipio de Nacajuca, di\u00f3cesis de [&hellip;]<\/p>\n","protected":false},"featured_media":0,"menu_order":0,"template":"","format":"standard","meta":{"_acf_changed":false,"give_campaign_id":0,"footnotes":""},"tags":[120],"pcatd":[],"cantidad":[],"continente":[],"estadobeca":[3],"class_list":["post-181650","candidatos","type-candidatos","status-publish","format-standard","hentry","tag-sacerdote","estadobeca-en-curso"],"acf":[],"_links":{"self":[{"href":"https:\/\/fundacioncarf.org\/pl\/wp-json\/wp\/v2\/candidatos\/181650","targetHints":{"allow":["GET"]}}],"collection":[{"href":"https:\/\/fundacioncarf.org\/pl\/wp-json\/wp\/v2\/candidatos"}],"about":[{"href":"https:\/\/fundacioncarf.org\/pl\/wp-json\/wp\/v2\/types\/candidatos"}],"version-history":[{"count":3,"href":"https:\/\/fundacioncarf.org\/pl\/wp-json\/wp\/v2\/candidatos\/181650\/revisions"}],"predecessor-version":[{"id":223000,"href":"https:\/\/fundacioncarf.org\/pl\/wp-json\/wp\/v2\/candidatos\/181650\/revisions\/223000"}],"wp:attachment":[{"href":"https:\/\/fundacioncarf.org\/pl\/wp-json\/wp\/v2\/media?parent=181650"}],"wp:term":[{"taxonomy":"post_tag","embeddable":true,"href":"https:\/\/fundacioncarf.org\/pl\/wp-json\/wp\/v2\/tags?post=181650"},{"taxonomy":"pcatd","embeddable":true,"href":"https:\/\/fundacioncarf.org\/pl\/wp-json\/wp\/v2\/pcatd?post=181650"},{"taxonomy":"cantidad","embeddable":true,"href":"https:\/\/fundacioncarf.org\/pl\/wp-json\/wp\/v2\/cantidad?post=181650"},{"taxonomy":"continente","embeddable":true,"href":"https:\/\/fundacioncarf.org\/pl\/wp-json\/wp\/v2\/continente?post=181650"},{"taxonomy":"estadobeca","embeddable":true,"href":"https:\/\/fundacioncarf.org\/pl\/wp-json\/wp\/v2\/estadobeca?post=181650"}],"curies":[{"name":"wp","href":"https:\/\/api.w.org\/{rel}","templated":true}]}}