{"id":181604,"date":"2023-05-15T20:55:02","date_gmt":"2023-05-15T18:55:02","guid":{"rendered":"https:\/\/staging.fundacioncarf.org\/colabora\/pon-cara-a-tu-donativo\/julio-cesar-morillo-leal\/"},"modified":"2025-08-01T10:01:50","modified_gmt":"2025-08-01T08:01:50","slug":"julio-cesar-morillo-leal","status":"publish","type":"candidatos","link":"https:\/\/fundacioncarf.org\/pl\/colabora\/pon-cara-a-tu-donativo\/julio-cesar-morillo-leal\/","title":{"rendered":"Julio C\u00e9sar Morillo Leal"},"content":{"rendered":"<p><span style=\"font-weight: 400;\">\"<\/span>Julio C\u00e9sar Morillo ma 33 lata i jest seminarzyst\u0105 z diecezji Cabimas, Wenezuela. Jest najstarszym z dw\u00f3ch braci pochodz\u0105cych ze skromnej rodziny.<\/p>\n<p>\"Od najm\u0142odszych lat moja rodzina po\u015bwi\u0119ca\u0142a mi wiele uwagi, poniewa\u017c dorasta\u0142em z dziadkami w ich wiosce przez kilka pierwszych lat mojego \u017cycia.<\/p>\n<p class=\"Default\">Potem zamieszka\u0142am z rodzicami w mie\u015bcie i ta zmiana by\u0142a bardzo trudna, poniewa\u017c niewiele by\u0142o chwil, w kt\u00f3rych mogli\u015bmy by\u0107 spokojni. Moi rodzice nie bardzo si\u0119 rozumieli i kiedy mia\u0142am oko\u0142o 15 lat, sytuacja by\u0142a tak trudna, \u017ce nawet my\u015bla\u0142am o opuszczeniu domu, ale wtedy rodzice rozwiedli si\u0119 i zamieszka\u0142am z siostr\u0105 i matk\u0105.<\/p>\n<p class=\"Default\">Od tego wieku musia\u0142am wzi\u0105\u0107 na siebie pewne obowi\u0105zki w domu i wyznaczy\u0107 sobie r\u00f3\u017cne cele, kt\u00f3re sprawi\u0142y, \u017ce skupi\u0142am si\u0119 na ich osi\u0105gni\u0119ciu, wk\u0142adaj\u0105c w to du\u017co ci\u0119\u017ckiej pracy, po\u015bwi\u0119cenia i wysi\u0142ku. Tak zaprojektowa\u0142am, czego chc\u0119 w swoim \u017cyciu i realizowa\u0142am ten plan, a\u017c go osi\u0105gn\u0119\u0142am.<\/p>\n<p class=\"Default\">Wybra\u0142am studia in\u017cynierskie, poniewa\u017c pasjonuj\u0105 mnie liczby, wi\u0119c moje marzenia opiera\u0142y si\u0119 g\u0142\u00f3wnie na tym, aby uko\u0144czy\u0107 studia in\u017cynierskie, aby m\u00f3c potem nie tylko pracowa\u0107 w tej dziedzinie, ale r\u00f3wnie\u017c uczy\u0107 na poziomie uniwersyteckim.<\/p>\n<p class=\"Default\">Je\u015bli chodzi o moje powo\u0142anie, to musz\u0119 powiedzie\u0107, \u017ce ka\u017cdy ma swoj\u0105 w\u0142asn\u0105 histori\u0119 i w szczeg\u00f3lny spos\u00f3b odbiera wezwanie Pana do p\u00f3j\u015bcia za Nim. W moim przypadku od m\u0142odo\u015bci nale\u017ca\u0142em do r\u00f3\u017cnych ruch\u00f3w i grup apostolskich w Ko\u015bciele w moim kraju, takich jak Jovenmisi\u00f3n, Pastoral Juvenil, Cursillos de Cristiandad, Legi\u00f3n de Mar\u00eda, a w szczeg\u00f3lno\u015bci do Encuentros Familiares de Venezuela, gdzie przez kilka lat s\u0142u\u017cy\u0142em Bogu.<\/p>\n<p class=\"Default\">Co ciekawe, ruch ten koncentruje si\u0119 na rodzinie i na osobistym zaanga\u017cowaniu w tworzenie przysz\u0142ej rodziny. M\u00f3j projekt \u017cyciowy koncentrowa\u0142 si\u0119 na tej drodze, natomiast w moim projekcie zawodowym zawsze czu\u0142am obecno\u015b\u0107 Boga, co utwierdzi\u0142o mnie w przekonaniu, \u017ce tego r\u00f3wnie\u017c chce dla mnie B\u00f3g.<\/p>\n<p class=\"Default\">Uko\u0144czy\u0142em studia jako in\u017cynier naftowy i wykonywa\u0142em sw\u00f3j zaw\u00f3d w tej dziedzinie oraz jako profesor uniwersytecki. By\u0142am w szczytowym momencie mojego projektu zawodowego: moja rodzina by\u0142a bardzo zadowolona z dotychczasowych wynik\u00f3w, a przyjaciele byli nieco pe\u0142ni podziwu dla moich osi\u0105gni\u0119\u0107 w tak m\u0142odym wieku.<\/p>\n<p class=\"Default\">My\u015bla\u0142am, \u017ce to b\u0119dzie rzecz, kt\u00f3ra uczyni mnie w pe\u0142ni szcz\u0119\u015bliw\u0105, ale w rzeczywisto\u015bci tak nie by\u0142o. Czu\u0142am si\u0119 troch\u0119 pusta. Czu\u0142am si\u0119 troch\u0119 pusta i czu\u0142am te\u017c, \u017ce jestem powo\u0142ana do czego\u015b innego, wi\u0119c musia\u0142am si\u0119 skupi\u0107 na tym, aby to odkry\u0107.<\/p>\n<p class=\"Default\">To by\u0142 spory cios, gdy zda\u0142am sobie spraw\u0119, \u017ce m\u00f3j projekt nie powi\u00f3d\u0142 si\u0119 mimo dotychczasowych sukces\u00f3w i wtedy rozpocz\u0119\u0142am poszukiwania, kt\u00f3re z pomoc\u0105 mojego kierownika duchowego przeprowadzi\u0142am, zaczynaj\u0105c od decyzji, aby zostawi\u0107 swoj\u0105 przysz\u0142o\u015b\u0107 w r\u0119kach Boga i pozwoli\u0107, aby Jego wola wype\u0142ni\u0142a si\u0119 w moim \u017cyciu.<\/p>\n<p class=\"Default\">W tym momencie u\u015bwiadomi\u0142am sobie, \u017ce chocia\u017c mia\u0142am sw\u00f3j plan, nigdy nie przed\u0142o\u017cy\u0142am go Bogu do rozwa\u017cenia, aby sprawdzi\u0107, czy to jest to, czego On naprawd\u0119 dla mnie chce, a jedynie moja modlitwa opiera\u0142a si\u0119 na pro\u015bbie o pomoc w jego realizacji i czuj\u0119, \u017ce B\u00f3g pozwoli\u0142 mi go zrealizowa\u0107.<\/p>\n<p class=\"Default\">Od tego momentu zacz\u0119\u0142y si\u0119 r\u00f3\u017cne wydarzenia, w kt\u00f3rych wyra\u017anie widzia\u0142am, \u017ce Pan prosi mnie o ca\u0142kowite oddanie si\u0119, aby p\u00f3j\u015b\u0107 za Nim: zostawi\u0107 prac\u0119, zaw\u00f3d, studia, a nawet rodzin\u0119, kt\u00f3ra na pocz\u0105tku si\u0119 nie zgadza\u0142a.<\/p>\n<p class=\"Default\">Nie rozumieli zmiany, jak\u0105 jest pozostawienie wszystkiego, co zbudowa\u0142am przez lata, aby wej\u015b\u0107 na now\u0105 drog\u0119. Niekt\u00f3rzy postrzegali to jako oznak\u0119 niedojrza\u0142o\u015bci lub zagubienia z mojej strony, a ja nawet czu\u0142am, \u017ce patrz\u0105 na mnie z politowaniem i rozczarowaniem.<\/p>\n<p class=\"Default\">Jana Bosko, kt\u00f3re sprawi\u0142o, \u017ce bardziej zaufa\u0142am Bogu w obliczu tego, co prze\u017cywa\u0142am: \"Kiedy chodzi o pod\u0105\u017canie za swoim powo\u0142aniem, trzeba by\u0107 gotowym po\u015bwi\u0119ci\u0107 wszystko\". Wtedy podj\u0119\u0142am decyzj\u0119 o rozpocz\u0119ciu tej przygody z powo\u0142aniem i B\u00f3g stopniowo zaj\u0105\u0142 si\u0119 ustawianiem wszystkiego na swoim miejscu, towarzysz\u0105c mojej rodzinie i zajmuj\u0105c miejsce, kt\u00f3re w niej zostawi\u0142am.<\/p>\n<p class=\"Default\">Odczu\u0142am mi\u0142osierdzie Bo\u017ce w powo\u0142aniu mnie i dlatego nieco ponad 6 lat temu rozpocz\u0119\u0142am formacj\u0119, w kt\u00f3rej z wielk\u0105 rado\u015bci\u0105 widz\u0119, \u017ce marzenie, kt\u00f3re B\u00f3g ma dla mnie, realizuje si\u0119, mimo moich s\u0142abo\u015bci.<span style=\"font-weight: 400;\">\".<\/span><\/p>","protected":false},"excerpt":{"rendered":"<p>\u00abJulio C\u00e9sar Morillo tiene 38 a\u00f1os y es un seminarista de la di\u00f3cesis de Cabimas, Venezuela. Es el mayor de 2 hermanos de una familia humilde. \"Desde peque\u00f1o recib\u00ed mucha atenci\u00f3n por parte de mi familia ya que durante los primeros a\u00f1os de vida crec\u00ed con mis abuelos en su pueblo. Luego me fui a [&hellip;]<\/p>\n","protected":false},"featured_media":0,"menu_order":0,"template":"","format":"standard","meta":{"_acf_changed":false,"give_campaign_id":0,"footnotes":""},"tags":[121],"pcatd":[],"cantidad":[],"continente":[],"estadobeca":[3],"class_list":["post-181604","candidatos","type-candidatos","status-publish","format-standard","hentry","tag-seminarista","estadobeca-en-curso"],"acf":[],"_links":{"self":[{"href":"https:\/\/fundacioncarf.org\/pl\/wp-json\/wp\/v2\/candidatos\/181604","targetHints":{"allow":["GET"]}}],"collection":[{"href":"https:\/\/fundacioncarf.org\/pl\/wp-json\/wp\/v2\/candidatos"}],"about":[{"href":"https:\/\/fundacioncarf.org\/pl\/wp-json\/wp\/v2\/types\/candidatos"}],"version-history":[{"count":2,"href":"https:\/\/fundacioncarf.org\/pl\/wp-json\/wp\/v2\/candidatos\/181604\/revisions"}],"predecessor-version":[{"id":221067,"href":"https:\/\/fundacioncarf.org\/pl\/wp-json\/wp\/v2\/candidatos\/181604\/revisions\/221067"}],"wp:attachment":[{"href":"https:\/\/fundacioncarf.org\/pl\/wp-json\/wp\/v2\/media?parent=181604"}],"wp:term":[{"taxonomy":"post_tag","embeddable":true,"href":"https:\/\/fundacioncarf.org\/pl\/wp-json\/wp\/v2\/tags?post=181604"},{"taxonomy":"pcatd","embeddable":true,"href":"https:\/\/fundacioncarf.org\/pl\/wp-json\/wp\/v2\/pcatd?post=181604"},{"taxonomy":"cantidad","embeddable":true,"href":"https:\/\/fundacioncarf.org\/pl\/wp-json\/wp\/v2\/cantidad?post=181604"},{"taxonomy":"continente","embeddable":true,"href":"https:\/\/fundacioncarf.org\/pl\/wp-json\/wp\/v2\/continente?post=181604"},{"taxonomy":"estadobeca","embeddable":true,"href":"https:\/\/fundacioncarf.org\/pl\/wp-json\/wp\/v2\/estadobeca?post=181604"}],"curies":[{"name":"wp","href":"https:\/\/api.w.org\/{rel}","templated":true}]}}