{"id":181594,"date":"2023-05-15T20:53:29","date_gmt":"2023-05-15T18:53:29","guid":{"rendered":"https:\/\/staging.fundacioncarf.org\/colabora\/pon-cara-a-tu-donativo\/mon-carmelo-fidel-marcaida\/"},"modified":"2026-09-02T15:20:01","modified_gmt":"2026-09-02T13:20:01","slug":"mon-carmelo-fidel-marcaida","status":"publish","type":"candidatos","link":"https:\/\/fundacioncarf.org\/pl\/colabora\/pon-cara-a-tu-donativo\/mon-carmelo-fidel-marcaida\/","title":{"rendered":"Mon Carmelo Fidel Marcaida"},"content":{"rendered":"<p><span style=\"font-weight: 400;\">\"Do ni\u017cszego seminarium wst\u0105pi\u0142em zaraz po szkole podstawowej, gdy mia\u0142em 12 lat. <\/span><\/p>\n<p><span style=\"font-weight: 400;\">Prawda jest taka, \u017ce wcze\u015bniej nie mia\u0142em poj\u0119cia o seminarium. Nie wiedzia\u0142em, co to jest seminarium, dop\u00f3ki nie us\u0142ysza\u0142em og\u0142oszenia od proboszcza w mojej parafii, \u017ce b\u0119dzie egzamin dla tych, kt\u00f3rzy chc\u0105 wst\u0105pi\u0107 do ni\u017cszego seminarium i \u017ce diecezja szuka m\u0142odych ch\u0142opc\u00f3w, kt\u00f3rzy chc\u0105 zosta\u0107 ksi\u0119\u017cmi. <\/span><\/p>\n<p><span style=\"font-weight: 400;\">Zacz\u0105\u0142em pyta\u0107 rodzic\u00f3w, czy m\u00f3g\u0142bym zda\u0107 egzamin, aby wst\u0105pi\u0107 do seminarium. Dla moich rodzic\u00f3w by\u0142a to prawdziwa niespodzianka, poniewa\u017c nigdy nie wyobra\u017cali sobie, \u017ce mog\u0119 wst\u0105pi\u0107 do seminarium. <\/span><\/p>\n<p><span style=\"font-weight: 400;\">Wst\u0105pi\u0142em do seminarium bez powo\u0142ania do bycia ksi\u0119dzem. Nie mia\u0142em tego bardzo jasno sprecyzowanego, my\u015bl\u0119, \u017ce po prostu chcia\u0142em zobaczy\u0107 \u017cycie w seminarium, tak z ciekawo\u015bci. <\/span><\/p>\n<p><span style=\"font-weight: 400;\">Natomiast moi towarzysze m\u00f3wili jasno: chc\u0105 by\u0107 ksi\u0119\u017cmi. Nie wiedzia\u0142am, co robi\u0107. <\/span><\/p>\n<p><span style=\"font-weight: 400;\">W seminarium mia\u0142em ci\u0119\u017ckie chwile. Mia\u0142am 12 lat, nie wiedzia\u0142am, jak pra\u0107 swoje ubrania, sprz\u0105ta\u0107 sw\u00f3j pok\u00f3j, czy \u015bcieli\u0107 \u0142\u00f3\u017cko. Z rado\u015bci\u0105 patrz\u0119 na te cztery lata w ni\u017cszym seminarium. <\/span><\/p>\n<p><span style=\"font-weight: 400;\">Nauczy\u0142em si\u0119 wielu rzeczy i tam odkry\u0142em swoje powo\u0142anie do kap\u0142a\u0144stwa. Odkry\u0142em, \u017ce B\u00f3g powo\u0142uje mnie do bycia ksi\u0119dzem. <\/span><\/p>\n<p><span style=\"font-weight: 400;\">Mia\u0142am 15 lat, kiedy poczu\u0142am powo\u0142anie od Pana. By\u0142am bardzo m\u0142oda. By\u0142am bardzo przestraszona. Nie wiedzia\u0142em, jak odpowiedzie\u0107 na to wezwanie do kap\u0142a\u0144stwa. Wi\u0119c w mojej modlitwie powiedzia\u0142am do Pana: \"Spraw, Panie, aby to wszystko by\u0142o dla mnie jasne. Jestem bardzo m\u0142oda, nie wiem, co robi\u0107. Ale poczu\u0142em Twoje wezwanie, pom\u00f3\u017c mi na nie odpowiedzie\u0107\".\u00a0<\/span><\/p>\n<p><span style=\"font-weight: 400;\">Po ni\u017cszym seminarium zdecydowa\u0142am si\u0119 na kontynuacj\u0119. <\/span><\/p>\n<p><span style=\"font-weight: 400;\">Moje lata studiowania filozofii by\u0142y jednymi z najlepszych w moim \u017cyciu. Moje powo\u0142anie do kap\u0142a\u0144stwa zacz\u0119\u0142o wzrasta\u0107. Zaczyna\u0142am rozumie\u0107, \u017ce Pan wzywa mnie do siebie. <\/span><\/p>\n<p><span style=\"font-weight: 400;\">Doskonale pami\u0119tam dzie\u0144, w kt\u00f3rym powiedzia\u0142am Panu \"Tak\". <\/span><\/p>\n<p><span style=\"font-weight: 400;\">Pewnego lata m\u00f3j rektor wys\u0142a\u0142 mnie na wysp\u0119, bardzo odleg\u0142\u0105, bez pr\u0105du, bez niczego. By\u0142o to dla mnie bardzo trudne, poniewa\u017c pochodz\u0119 z du\u017cego miasta i nie by\u0142am przyzwyczajona do \u017cycia bez pr\u0105du. Rektor wys\u0142a\u0142 mnie tam, abym by\u0142a z lud\u017ami, aby si\u0119 modli\u0107, towarzyszy\u0107 im, prowadzi\u0107 katechez\u0119, lekcje katechizmu dla m\u0142odych i starych, a przede wszystkim odprawia\u0107 msz\u0119. W wiosce, w kt\u00f3rej by\u0142am, msz\u0119 odprawia si\u0119 tylko raz na dwa miesi\u0105ce.\u00a0<\/span><\/p>\n<p><span style=\"font-weight: 400;\">Na tej wyspie powiedzia\u0142am Panu \"tak\". Widzia\u0142em, \u017ce w mojej diecezji jest zapotrzebowanie na ksi\u0119dza. Widzia\u0142em, jak ludzie s\u0105 spragnieni sakrament\u00f3w. I kim\u017ce jestem, aby powiedzie\u0107 NIE temu wielkiemu wezwaniu Boga, aby by\u0107 jego narz\u0119dziem w niesieniu sakrament\u00f3w wszystkim ludziom. <\/span><\/p>\n<p><span style=\"font-weight: 400;\">Po tym do\u015bwiadczeniu by\u0142o dla mnie jasne, \u017ce chc\u0119 zosta\u0107 ksi\u0119dzem. Wr\u00f3ci\u0142am do domu, bardzo szcz\u0119\u015bliwa.<\/span><\/p>","protected":false},"excerpt":{"rendered":"<p>\u00abEntr\u00e9 en el seminario menor justo despu\u00e9s mis a\u00f1os en primaria eso cuando ten\u00eda 12 a\u00f1os. La verdad es que antes no ten\u00eda ninguna idea de un seminario. No sab\u00eda que es un seminario hasta que escuche un anuncio del cura p\u00e1rroco en mi parroquia que habr\u00e1 un examen para los que quieren entrar el [&hellip;]<\/p>\n","protected":false},"featured_media":0,"menu_order":0,"template":"","format":"standard","meta":{"_acf_changed":false,"footnotes":""},"tags":[121],"pcatd":[],"cantidad":[],"continente":[],"estadobeca":[3],"class_list":["post-181594","candidatos","type-candidatos","status-publish","format-standard","hentry","tag-seminarista","estadobeca-en-curso"],"acf":[],"_links":{"self":[{"href":"https:\/\/fundacioncarf.org\/pl\/wp-json\/wp\/v2\/candidatos\/181594","targetHints":{"allow":["GET"]}}],"collection":[{"href":"https:\/\/fundacioncarf.org\/pl\/wp-json\/wp\/v2\/candidatos"}],"about":[{"href":"https:\/\/fundacioncarf.org\/pl\/wp-json\/wp\/v2\/types\/candidatos"}],"version-history":[{"count":1,"href":"https:\/\/fundacioncarf.org\/pl\/wp-json\/wp\/v2\/candidatos\/181594\/revisions"}],"predecessor-version":[{"id":233605,"href":"https:\/\/fundacioncarf.org\/pl\/wp-json\/wp\/v2\/candidatos\/181594\/revisions\/233605"}],"wp:attachment":[{"href":"https:\/\/fundacioncarf.org\/pl\/wp-json\/wp\/v2\/media?parent=181594"}],"wp:term":[{"taxonomy":"post_tag","embeddable":true,"href":"https:\/\/fundacioncarf.org\/pl\/wp-json\/wp\/v2\/tags?post=181594"},{"taxonomy":"pcatd","embeddable":true,"href":"https:\/\/fundacioncarf.org\/pl\/wp-json\/wp\/v2\/pcatd?post=181594"},{"taxonomy":"cantidad","embeddable":true,"href":"https:\/\/fundacioncarf.org\/pl\/wp-json\/wp\/v2\/cantidad?post=181594"},{"taxonomy":"continente","embeddable":true,"href":"https:\/\/fundacioncarf.org\/pl\/wp-json\/wp\/v2\/continente?post=181594"},{"taxonomy":"estadobeca","embeddable":true,"href":"https:\/\/fundacioncarf.org\/pl\/wp-json\/wp\/v2\/estadobeca?post=181594"}],"curies":[{"name":"wp","href":"https:\/\/api.w.org\/{rel}","templated":true}]}}