{"id":181581,"date":"2023-05-15T20:53:29","date_gmt":"2023-05-15T18:53:29","guid":{"rendered":"https:\/\/staging.fundacioncarf.org\/colabora\/pon-cara-a-tu-donativo\/otto-fernando-arana-mont\/"},"modified":"2026-09-02T15:02:52","modified_gmt":"2026-09-02T13:02:52","slug":"otto-fernando-arana-mont","status":"publish","type":"candidatos","link":"https:\/\/fundacioncarf.org\/pl\/colabora\/pon-cara-a-tu-donativo\/otto-fernando-arana-mont\/","title":{"rendered":"Otto Fernando Arana Mont"},"content":{"rendered":"<p><span style=\"font-weight: 400;\">\"<\/span>Obecnie studiuje w Bidasoa, gdzie lubi przedmioty takie jak patrologia, Pi\u0119cioksi\u0105g i ksi\u0119gi historyczne, a tak\u017ce Ewangelie synoptyczne i Dzieje Apostolskie, uzupe\u0142niaj\u0105c swoje zainteresowanie Pismem \u015awi\u0119tym kursem hebrajskiego biblijnego i zaawansowanym seminarium greckim.<\/p>\n<p>\"Dzi\u0119ki temu mog\u0142em nadal ze zdumieniem odkrywa\u0107 marzenie, kt\u00f3re B\u00f3g ma dla mojego \u017cycia, w formacji do kap\u0142a\u0144stwa\".<\/p>\n<p>\"B\u00f3g zawsze zaskakuje nas swoj\u0105 mi\u0142o\u015bci\u0105 i hojno\u015bci\u0105, kt\u00f3r\u0105 ch\u0119tnie uobecnia poprzez dusze, kt\u00f3re wybiera, aby by\u0142y wiernymi kontynuatorami Jego dzie\u0142a, pomagaj\u0105c, w tym przypadku, ka\u017cdemu z nas, kt\u00f3ry zosta\u0142 powo\u0142any do tego, aby w wolno\u015bci odpowiedzie\u0107 na to zaproszenie samego Jezusa, kt\u00f3re rozbrzmiewa od tylu wiek\u00f3w: \"P\u00f3jd\u017a za mn\u0105\" (Mt 9,9).<\/p>\n<p>Prosz\u0119 stale pami\u0119ta\u0107 o s\u0142owach, kt\u00f3re Jezus ju\u017c wypowiedzia\u0142, my\u015bl\u0105c o Pani i o wszystkich tych, kt\u00f3rzy otrzymuj\u0105c dar hojno\u015bci, pomog\u0105 tym, kt\u00f3rych powo\u0142a\u0142, aby byli z Nim: \"A kto by jednemu z tych ma\u0142ych da\u0142 cho\u0107by kubek \u015bwie\u017cej wody do picia tylko dlatego, \u017ce jest uczniem, zaprawd\u0119 powiadam wam, nie b\u0119dzie nie nagrodzony\" Mt 10,42.<\/p>\n<p>Jak\u017ce wielki b\u0119dzie u\u015bcisk i wieczna nagroda, kt\u00f3r\u0105 B\u00f3g da im za to, \u017ce pomagali Mu w formowaniu Jego kap\u0142an\u00f3w! Wszystkie msze, kt\u00f3re b\u0119d\u0105 odprawiane, aby uwielbia\u0107, chwali\u0107, b\u0142ogos\u0142awi\u0107, dzi\u0119kowa\u0107 i prosi\u0107 Boga o przebaczenie; rzesze dusz, kt\u00f3re otrzymaj\u0105 przebaczenie swoich grzech\u00f3w, poniewa\u017c jest kap\u0142an, kt\u00f3ry mo\u017ce je wyzna\u0107, wszyscy ci, kt\u00f3rzy dzi\u0119ki odpowiedniej poradzie, kt\u00f3rej udzieli im B\u00f3g przez swojego duszpasterza, b\u0119d\u0105 mogli przyj\u015b\u0107 do Niego i zmieni\u0107 swoje \u017cycie.<\/p>\n<p>Nadal b\u0119d\u0119 mia\u0142 Pa\u0144stwa przed o\u0142tarzem Bo\u017cym we Mszy \u015awi\u0119tej, w moich modlitwach i innych ofiarach, kt\u00f3re Pan przyjmie za ka\u017cdego z Pa\u0144stwa. Niech Tr\u00f3jjedyny B\u00f3g Pana b\u0142ogos\u0142awi, niech Matka Bo\u017ca czuwa nad Panem i niech \u015bw. J\u00f3zef chroni Pana zawsze i wsz\u0119dzie.<\/p>","protected":false},"excerpt":{"rendered":"<p>\u00abActualmente me forma en Bidasoa, donde disfruto con materias como\u00a0 Patrolog\u00eda, Pentateuco y libros hist\u00f3ricos, as\u00ed como Evangelios Sin\u00f3pticos y Hechos de los Ap\u00f3stoles, complementando mi inter\u00e9s en la Sagrada Escritura con el curso de Hebreo b\u00edblico y el seminario de Griego Avanzado. Gracias a ello, he podido seguir descubriendo con asombro el sue\u00f1o que [&hellip;]<\/p>\n","protected":false},"featured_media":0,"menu_order":0,"template":"","format":"standard","meta":{"_acf_changed":false,"footnotes":""},"tags":[121],"pcatd":[],"cantidad":[],"continente":[],"estadobeca":[3],"class_list":["post-181581","candidatos","type-candidatos","status-publish","format-standard","hentry","tag-seminarista","estadobeca-en-curso"],"acf":[],"_links":{"self":[{"href":"https:\/\/fundacioncarf.org\/pl\/wp-json\/wp\/v2\/candidatos\/181581","targetHints":{"allow":["GET"]}}],"collection":[{"href":"https:\/\/fundacioncarf.org\/pl\/wp-json\/wp\/v2\/candidatos"}],"about":[{"href":"https:\/\/fundacioncarf.org\/pl\/wp-json\/wp\/v2\/types\/candidatos"}],"version-history":[{"count":1,"href":"https:\/\/fundacioncarf.org\/pl\/wp-json\/wp\/v2\/candidatos\/181581\/revisions"}],"predecessor-version":[{"id":233597,"href":"https:\/\/fundacioncarf.org\/pl\/wp-json\/wp\/v2\/candidatos\/181581\/revisions\/233597"}],"wp:attachment":[{"href":"https:\/\/fundacioncarf.org\/pl\/wp-json\/wp\/v2\/media?parent=181581"}],"wp:term":[{"taxonomy":"post_tag","embeddable":true,"href":"https:\/\/fundacioncarf.org\/pl\/wp-json\/wp\/v2\/tags?post=181581"},{"taxonomy":"pcatd","embeddable":true,"href":"https:\/\/fundacioncarf.org\/pl\/wp-json\/wp\/v2\/pcatd?post=181581"},{"taxonomy":"cantidad","embeddable":true,"href":"https:\/\/fundacioncarf.org\/pl\/wp-json\/wp\/v2\/cantidad?post=181581"},{"taxonomy":"continente","embeddable":true,"href":"https:\/\/fundacioncarf.org\/pl\/wp-json\/wp\/v2\/continente?post=181581"},{"taxonomy":"estadobeca","embeddable":true,"href":"https:\/\/fundacioncarf.org\/pl\/wp-json\/wp\/v2\/estadobeca?post=181581"}],"curies":[{"name":"wp","href":"https:\/\/api.w.org\/{rel}","templated":true}]}}