{"id":181921,"date":"2023-05-15T21:01:33","date_gmt":"2023-05-15T19:01:33","guid":{"rendered":"https:\/\/staging.fundacioncarf.org\/colabora\/pon-cara-a-tu-donativo\/theogene-ndagijimana\/"},"modified":"2023-05-15T21:01:33","modified_gmt":"2023-05-15T19:01:33","slug":"theogene-ndagijimana","status":"publish","type":"candidatos","link":"https:\/\/fundacioncarf.org\/ja\/colabora\/pon-cara-a-tu-donativo\/theogene-ndagijimana\/","title":{"rendered":"\u30c6\u30aa\u30b8\u30a7\u30fc\u30cc\u30fb\u30f3\u30c0\u30ae\u30b8\u30de\u30ca"},"content":{"rendered":"<p><span style=\"font-weight: 400;\">\u30c9\u30f3 <strong>\u30c6\u30aa\u30b8\u30a7\u30fc\u30cc\u30fb\u30f3\u30c0\u30ae\u30b8\u30de\u30ca<\/strong> \u306f\u30eb\u30ef\u30f3\u30c0\u306e\u51fa\u8eab\u3067\u3001\u30cb\u30e5\u30f3\u30c9\u6559\u533a\u306e\u53f8\u796d\u3067\u3059\u3002\u5bb6\u65cf\u306e\u304a\u304b\u3052\u3067\u5929\u8077\u306b\u3081\u3050\u308a\u5408\u3044\u3001\u30ed\u30fc\u30de\u306e\u6559\u7687\u5e81\u7acb\u8056\u5341\u5b57\u8ecd\u5927\u5b66\u3067\u5b66\u3093\u3067\u3044\u308b\u3002<\/span><\/p>\n<p><span style=\"font-weight: 400;\">\u300c\u79c1\u306f\u30eb\u30ef\u30f3\u30c0\uff08\u30a2\u30d5\u30ea\u30ab\uff09\u306e\u30cb\u30e5\u30f3\u30c9\u6559\u533a\u306e\u53f8\u796d\u3001\u30c6\u30aa\u30b8\u30a7\u30fc\u30cc\u30fb\u30f3\u30c0\u30ae\u30b8\u30de\u30ca\u3067\u3059\u3002\u79c1\u306f1988\u5e747\u670811\u65e5\u306b\u30eb\u30ef\u30f3\u30c0\u306e\u30d6\u30a6\u30a3\u30b7\u30e5\u30e9\u30fb\u30ab\u30ed\u30f3\u30ae\u3067\u751f\u307e\u308c\u3001\u540c\u5730\u57df\u3067\u80b2\u3061\u307e\u3057\u305f\u3002\u5bb6\u5ead\u3067\u53d7\u3051\u305f\u30ad\u30ea\u30b9\u30c8\u6559\u306e\u6559\u80b2\u304c\u3001\u79c1\u306e\u53f8\u796d\u53ec\u547d\u306e\u5927\u304d\u306a\u6839\u6e90\u3067\u3042\u308b\u3053\u3068\u306f\u9593\u9055\u3044\u3042\u308a\u307e\u305b\u3093\u3002\u3057\u304b\u3057\u3001\u3069\u3093\u306a\u547d\u3082\u80b2\u307e\u308c\u306a\u3051\u308c\u3070\u7d9a\u304b\u306a\u3044\u306e\u3067\u3001\u79c1\u306e\u30af\u30ea\u30b9\u30c1\u30e3\u30f3\u751f\u6d3b\u306f\u3001\u5bb6\u5ead\u3067\u884c\u308f\u308c\u308b\u30df\u30b5\u3078\u306e\u53c2\u52a0\u3084\u5bb6\u65cf\u306e\u7948\u308a\u306b\u3088\u3063\u3066\u80b2\u307e\u308c\u307e\u3057\u305f\u3002\u00a0<\/span><\/p>\n<p><span style=\"font-weight: 400;\">\u306f\u3058\u3081\u3066\u306e <\/span><span style=\"font-weight: 400;\">\u4f1a\u6d3e<\/span><span style=\"font-weight: 400;\">\u79c1\u306f\u796d\u58c7\u4fc2\u3068\u3057\u3066\u30df\u30b5\u306b\u5949\u4ed5\u3059\u308b\u3088\u3046\u306b\u306a\u308a\u307e\u3057\u305f\u30021994\u5e74\u306e\u30c4\u30c1\u65cf\u306b\u5bfe\u3059\u308b\u5927\u8650\u6bba\u3067\u50b7\u3064\u3044\u305f\u5730\u57df\u793e\u4f1a\u306b\u5e0c\u671b\u3092\u3082\u305f\u3089\u3059\u305f\u3081\u306b\u6700\u5584\u3092\u5c3d\u304f\u3059\u6559\u533a\u306e\u795e\u7236\u305f\u3061\u3092\u89b3\u5bdf\u3059\u308b\u3053\u3068\u304c\u3067\u304d\u305f\u306e\u3067\u3059\u3002\u3042\u308b\u4eba\u306f\u5b64\u5150\u306b\u306a\u308a\u3001\u3042\u308b\u4eba\u306f\u6700\u3082\u6b8b\u9177\u306a\u65b9\u6cd5\u3067\u611b\u3059\u308b\u4eba\u306e\u6b7b\u3092\u76ee\u306e\u5f53\u305f\u308a\u306b\u3057\u306a\u304c\u3089\u3001\u3053\u306e\u3088\u3046\u306b\u81ea\u3089\u3092\u6367\u3052\u3066\u3044\u308b\u53f8\u796d\u305f\u3061\u3092\u898b\u3066\u3001\u79c1\u3082\u3053\u306e\u3088\u3046\u306a\u50b7\u3064\u3044\u305f\u793e\u4f1a\u306b\u547d\u3092\u5439\u304d\u8fbc\u3080\u795e\u306e\u50cd\u304d\u306b\u3069\u3046\u8ca2\u732e\u3067\u304d\u308b\u306e\u3060\u308d\u3046\u304b\u3001\u3068\u8003\u3048\u307e\u3057\u305f\u3002<\/span><\/p>\n<p><span style=\"font-weight: 400;\">\u5c0f\u5b66\u6821\u3092\u5352\u696d\u5f8c\u3001\u5c0f\u795e\u5b66\u6821\u306b\u5165\u5b66\u3059\u308b\u6a5f\u4f1a\u304c\u3042\u308a\u3001\u305d\u3053\u3067\u81ea\u5206\u306e\u53ec\u547d\u306b\u3064\u3044\u3066\u9ed9\u60f3\u3057\u3001\u7948\u308a\u3001\u89b3\u5bdf\u3059\u308b\u5341\u5206\u306a\u6642\u9593\u304c\u3042\u3063\u305f\u306e\u3067\u3059\u3002\u5c0f\u795e\u5b66\u6821\u3067\u306e\u52c9\u5f37\u304c\u7d42\u308f\u308a\u3001\u79c1\u306f\u5927\u795e\u5b66\u6821\u3078\u306e\u5165\u5b66\u3092\u5e0c\u671b\u3059\u308b\u624b\u7d19\u3092\u53f8\u6559\u306b\u66f8\u304d\u307e\u3057\u305f\u30021\u5e74\u5f8c\u3001\u5f7c\u306f\u7a4d\u6975\u7684\u306b\u53cd\u5fdc\u3057\u305f\u3002<\/span><\/p>\n<p><span style=\"font-weight: 400;\">\u795e\u5b66\u6821\u6642\u4ee3\u3001\u4f11\u65e5\u306f\u591a\u304f\u306e\u5c0f\u6559\u533a\u3067\u904e\u3054\u3057\u3001\u305d\u3053\u3067\u81ea\u5206\u3092\u5f85\u3064\u8056\u8077\u306b\u3064\u3044\u3066\u591a\u304f\u3092\u5b66\u3073\u307e\u3057\u305f\u3002\u3053\u306e\u3088\u3046\u306b\u3001\u3055\u307e\u3056\u307e\u306a\u3053\u3068\u304c\u79c1\u306e\u5929\u8077\u3092\u80b2\u307f\u3001\u5f37\u5316\u3059\u308b\u3053\u3068\u306b\u8ca2\u732e\u3057\u3066\u3044\u307e\u3059\u3002<\/span><\/p>\n<p><span style=\"font-weight: 400;\">\u79c1\u305f\u3061\u306f\u7686\u3001\u540c\u3058\u30dc\u30c7\u30a3\u30fc\u306e\u30e1\u30f3\u30d0\u30fc\u3067\u3059\u304b\u3089\u3001\u79c1\u305f\u3061\u3092\u52a9\u3051\u3066\u304f\u308c\u308b\u7be4\u5fd7\u5bb6\u306b\u611f\u8b1d\u3057\u305f\u3044\u306e\u3067\u3059\u3002\u307e\u305f\u3001\u79c1\u306e\u305f\u3081\u306b\u7948\u3063\u3066\u3044\u305f\u3060\u304d\u305f\u3044\u306e\u306f\u3001\u79c1\u306e\u56fd\u306e\u548c\u89e3\u3068\u3044\u3046\u56f0\u96e3\u306a\u4efb\u52d9\u306b\u304a\u3044\u3066\u3001\u79c1\u304c\u5fe0\u5b9f\u3067\u3042\u308a\u3001\u4e3b\u306b\u4ed5\u3048\u308b\u3053\u3068\u304c\u3067\u304d\u308b\u3088\u3046\u306b\u3068\u3044\u3046\u3053\u3068\u3067\u3059\u3002<\/span><\/p>","protected":false},"excerpt":{"rendered":"<p>Don Th\u00e9og\u00e8ne Ndagijimana viene de Ruanda y es sacerdote de la Di\u00f3cesis de Nyundo. Descubri\u00f3 la vocaci\u00f3n gracias a la familia y est\u00e1 estudiando en la Pontificia Universidad de la Santa Cruz, en Roma. \u00abSoy Th\u00e9og\u00e8ne Ndagijimana, sacerdote diocesano de la Di\u00f3cesis de Nyundo en Ruanda (\u00c1frica). Nac\u00ed el 11 de julio de 1988 en Bwishyura\u2013Karongi, (Ruanda), y crec\u00ed en la misma regi\u00f3n. No tengo ninguna duda de que la educaci\u00f3n cristiana que recib\u00ed en mi familia es la ra\u00edz principal de mi vocaci\u00f3n sacerdotal. Sin embargo, toda vida no perdura sin ser nutrida, as\u00ed que mi vida cristiana se nutri\u00f3 de la participaci\u00f3n en la Misa y de las [&hellip;]<\/p>\n","protected":false},"featured_media":0,"menu_order":0,"template":"","format":"standard","meta":{"_acf_changed":false,"give_campaign_id":0,"footnotes":""},"tags":[],"pcatd":[],"cantidad":[],"continente":[],"estadobeca":[],"class_list":["post-181921","candidatos","type-candidatos","status-publish","format-standard","hentry"],"acf":[],"_links":{"self":[{"href":"https:\/\/fundacioncarf.org\/ja\/wp-json\/wp\/v2\/candidatos\/181921","targetHints":{"allow":["GET"]}}],"collection":[{"href":"https:\/\/fundacioncarf.org\/ja\/wp-json\/wp\/v2\/candidatos"}],"about":[{"href":"https:\/\/fundacioncarf.org\/ja\/wp-json\/wp\/v2\/types\/candidatos"}],"version-history":[{"count":0,"href":"https:\/\/fundacioncarf.org\/ja\/wp-json\/wp\/v2\/candidatos\/181921\/revisions"}],"wp:attachment":[{"href":"https:\/\/fundacioncarf.org\/ja\/wp-json\/wp\/v2\/media?parent=181921"}],"wp:term":[{"taxonomy":"post_tag","embeddable":true,"href":"https:\/\/fundacioncarf.org\/ja\/wp-json\/wp\/v2\/tags?post=181921"},{"taxonomy":"pcatd","embeddable":true,"href":"https:\/\/fundacioncarf.org\/ja\/wp-json\/wp\/v2\/pcatd?post=181921"},{"taxonomy":"cantidad","embeddable":true,"href":"https:\/\/fundacioncarf.org\/ja\/wp-json\/wp\/v2\/cantidad?post=181921"},{"taxonomy":"continente","embeddable":true,"href":"https:\/\/fundacioncarf.org\/ja\/wp-json\/wp\/v2\/continente?post=181921"},{"taxonomy":"estadobeca","embeddable":true,"href":"https:\/\/fundacioncarf.org\/ja\/wp-json\/wp\/v2\/estadobeca?post=181921"}],"curies":[{"name":"wp","href":"https:\/\/api.w.org\/{rel}","templated":true}]}}