{"id":190662,"date":"2023-09-12T16:45:52","date_gmt":"2023-09-12T14:45:52","guid":{"rendered":"https:\/\/staging.fundacioncarf.org\/?post_type=candidatos&#038;p=190662"},"modified":"2025-08-26T09:04:11","modified_gmt":"2025-08-26T07:04:11","slug":"dani-alexander-guerrero-payano","status":"publish","type":"candidatos","link":"https:\/\/fundacioncarf.org\/fr\/colabora\/pon-cara-a-tu-donativo\/dani-alexander-guerrero-payano\/","title":{"rendered":"Dani Alexander Guerrero Payano"},"content":{"rendered":"<p>\"Bonjour, je suis le s\u00e9minariste Dani Alexander Guerrero Payano, j'ai 28 ans, je suis le troisi\u00e8me d'une fratrie de cinq enfants, mes parents sont Altagracia Payano et Daniel Guerrero.<\/p>\n\n\n\n<p>Je suis n\u00e9 \u00e0 La Romana, province de la R\u00e9publique dominicaine, et depuis l'\u00e2ge de quatre ans, j'ai v\u00e9cu \u00e0 Higuey jusqu'\u00e0 mon entr\u00e9e au grand s\u00e9minaire. J'ai fait mes \u00e9tudes primaires \u00e0 l'\u00e9cole de base de Villa Hotencia et \u00e0 l'\u00e9cole Eusebio Cedano, puis mes \u00e9tudes secondaires au Liceo Geraldo Jansen. <\/p>\n\n\n\n<p>\u00c0 l'\u00e2ge de 17 ans, j'ai commenc\u00e9 un dipl\u00f4me en \u00e9ducation avec une sp\u00e9cialisation en math\u00e9matiques et en physique et j'ai obtenu mon dipl\u00f4me \u00e0 l'\u00e2ge de 22 ans. Apr\u00e8s avoir enseign\u00e9 pendant un an au coll\u00e8ge chr\u00e9tien Morada de Sabidur\u00eda, j'ai d\u00e9cid\u00e9 d'entrer au s\u00e9minaire, o\u00f9 j'ai pass\u00e9 un an au petit s\u00e9minaire et deux ans au grand s\u00e9minaire. <\/p>\n\n\n\n<p>J'ai ensuite \u00e9t\u00e9 choisie pour poursuivre ma formation au CEI Bidasoa en Espagne, o\u00f9 je me trouve actuellement. J'aime faire du sport, avoir de bonnes relations avec mes compagnons et \u00eatre au service des autres. Je suis tr\u00e8s heureux d'\u00eatre appel\u00e9 par Dieu \u00e0 \u00eatre pr\u00eatre. Mon dioc\u00e8se s'appelle Nuestra Se\u00f1ora de la Altagracia, il est situ\u00e9 \u00e0 l'est du pays et se compose des provinces suivantes : La Altagracia, La Romana et El Seibo. Ma paroisse s'appelle Santa Ana situ\u00e9e dans la province de la Altagracia dans la municipalit\u00e9 de Higuey, mon cur\u00e9 est le P\u00e8re Sergio Cordero. <\/p>\n\n\n\n<p>Je suis tr\u00e8s reconnaissant de la mani\u00e8re dont j'ai \u00e9t\u00e9 trait\u00e9 dans mon dioc\u00e8se et, avec l'aide de Dieu, nous continuerons \u00e0 nous d\u00e9velopper pour augmenter le nombre de ceux qui sont appel\u00e9s \u00e0 son Royaume\".<\/p>","protected":false},"excerpt":{"rendered":"<p>\u00abHola, soy el seminarista Dani Alexander Guerrero Payano, tengo 28 a\u00f1os de edad, soy el tercero de cinco hermanos, mis padres se llaman Altagracia Payano y Daniel Guerrero. Nac\u00ed en La Romana, provincia de la Rep\u00fablica Dominicana y desde los cuatros a\u00f1os viv\u00ed en Higuey hasta entrar al seminario mayor. Realic\u00e9 mis estudios primarios en [&hellip;]<\/p>\n","protected":false},"featured_media":0,"menu_order":0,"template":"","format":"standard","meta":{"_acf_changed":false,"give_campaign_id":0,"footnotes":""},"tags":[120,121],"pcatd":[],"cantidad":[],"continente":[],"estadobeca":[3],"class_list":["post-190662","candidatos","type-candidatos","status-publish","format-standard","hentry","tag-sacerdote","tag-seminarista","estadobeca-en-curso"],"acf":[],"_links":{"self":[{"href":"https:\/\/fundacioncarf.org\/fr\/wp-json\/wp\/v2\/candidatos\/190662","targetHints":{"allow":["GET"]}}],"collection":[{"href":"https:\/\/fundacioncarf.org\/fr\/wp-json\/wp\/v2\/candidatos"}],"about":[{"href":"https:\/\/fundacioncarf.org\/fr\/wp-json\/wp\/v2\/types\/candidatos"}],"version-history":[{"count":9,"href":"https:\/\/fundacioncarf.org\/fr\/wp-json\/wp\/v2\/candidatos\/190662\/revisions"}],"predecessor-version":[{"id":223418,"href":"https:\/\/fundacioncarf.org\/fr\/wp-json\/wp\/v2\/candidatos\/190662\/revisions\/223418"}],"wp:attachment":[{"href":"https:\/\/fundacioncarf.org\/fr\/wp-json\/wp\/v2\/media?parent=190662"}],"wp:term":[{"taxonomy":"post_tag","embeddable":true,"href":"https:\/\/fundacioncarf.org\/fr\/wp-json\/wp\/v2\/tags?post=190662"},{"taxonomy":"pcatd","embeddable":true,"href":"https:\/\/fundacioncarf.org\/fr\/wp-json\/wp\/v2\/pcatd?post=190662"},{"taxonomy":"cantidad","embeddable":true,"href":"https:\/\/fundacioncarf.org\/fr\/wp-json\/wp\/v2\/cantidad?post=190662"},{"taxonomy":"continente","embeddable":true,"href":"https:\/\/fundacioncarf.org\/fr\/wp-json\/wp\/v2\/continente?post=190662"},{"taxonomy":"estadobeca","embeddable":true,"href":"https:\/\/fundacioncarf.org\/fr\/wp-json\/wp\/v2\/estadobeca?post=190662"}],"curies":[{"name":"wp","href":"https:\/\/api.w.org\/{rel}","templated":true}]}}