{"id":181921,"date":"2023-05-15T21:01:33","date_gmt":"2023-05-15T19:01:33","guid":{"rendered":"https:\/\/staging.fundacioncarf.org\/colabora\/pon-cara-a-tu-donativo\/theogene-ndagijimana\/"},"modified":"2023-05-15T21:01:33","modified_gmt":"2023-05-15T19:01:33","slug":"theogene-ndagijimana","status":"publish","type":"candidatos","link":"https:\/\/fundacioncarf.org\/fr\/colabora\/pon-cara-a-tu-donativo\/theogene-ndagijimana\/","title":{"rendered":"Th\u00e9og\u00e8ne Ndagijimana"},"content":{"rendered":"<p><span style=\"font-weight: 400;\">Don <strong>Th\u00e9og\u00e8ne Ndagijimana<\/strong> vient du Rwanda et est pr\u00eatre du dioc\u00e8se de Nyundo. Il a d\u00e9couvert sa vocation gr\u00e2ce \u00e0 sa famille et \u00e9tudie \u00e0 l'Universit\u00e9 pontificale de la Sainte-Croix \u00e0 Rome.<\/span><\/p>\n<p><span style=\"font-weight: 400;\">\"Je suis Th\u00e9og\u00e8ne Ndagijimana, pr\u00eatre dioc\u00e9sain du dioc\u00e8se de Nyundo au Rwanda (Afrique). Je suis n\u00e9e le 11 juillet 1988 \u00e0 Bwishyura-Karongi, au Rwanda, et j'ai grandi dans la m\u00eame r\u00e9gion. Je n'ai aucun doute que l'\u00e9ducation chr\u00e9tienne que j'ai re\u00e7ue dans ma famille est la principale racine de ma vocation sacerdotale. Cependant, toute vie ne dure pas sans \u00eatre nourrie, ainsi ma vie chr\u00e9tienne a \u00e9t\u00e9 nourrie par la participation \u00e0 la messe et aux pri\u00e8res familiales que nous avions \u00e0 la maison.\u00a0<\/span><\/p>\n<p><span style=\"font-weight: 400;\">Apr\u00e8s mon premier <\/span><span style=\"font-weight: 400;\">communion<\/span><span style=\"font-weight: 400;\">J'ai commenc\u00e9 \u00e0 servir la messe en tant qu'enfant de ch\u0153ur. Cela m'a permis d'observer les pr\u00eatres de notre paroisse, qui ont fait de leur mieux pour apporter de l'espoir \u00e0 la communaut\u00e9 bless\u00e9e par le g\u00e9nocide contre les Tutsis en 1994. En voyant les pr\u00eatres se donner ainsi, alors que certains \u00e9taient orphelins et t\u00e9moins de la mort de leurs proches de la mani\u00e8re la plus atroce, je me suis demand\u00e9 comment je pourrais moi aussi contribuer \u00e0 cette \u0153uvre de Dieu pour ramener la vie dans une soci\u00e9t\u00e9 aussi bless\u00e9e que la n\u00f4tre.<\/span><\/p>\n<p><span style=\"font-weight: 400;\">Apr\u00e8s l'\u00e9cole primaire, j'ai eu l'occasion d'entrer au petit s\u00e9minaire, o\u00f9 j'ai eu suffisamment de temps pour m\u00e9diter sur ma vocation, prier et observer. \u00c0 la fin de mes \u00e9tudes au petit s\u00e9minaire, j'ai \u00e9crit une lettre de candidature \u00e0 notre \u00e9v\u00eaque pour entrer au grand s\u00e9minaire. Apr\u00e8s un an, il a r\u00e9pondu positivement.<\/span><\/p>\n<p><span style=\"font-weight: 400;\">Pendant mon s\u00e9jour au grand s\u00e9minaire, j'ai pass\u00e9 mes vacances dans de nombreuses paroisses et j'y ai aussi beaucoup appris sur le minist\u00e8re qui m'attendait. Comme vous pouvez le constater, de nombreuses choses ont contribu\u00e9 \u00e0 nourrir et \u00e0 renforcer ma vocation.<\/span><\/p>\n<p><span style=\"font-weight: 400;\">Nous sommes tous membres du m\u00eame corps et je tiens donc \u00e0 remercier les bienfaiteurs qui nous aident tant. Je voudrais \u00e9galement vous demander de prier pour moi, afin que je puisse \u00eatre fid\u00e8le et servir le Seigneur dans cette t\u00e2che difficile de r\u00e9conciliation dans mon pays.<\/span><\/p>","protected":false},"excerpt":{"rendered":"<p>Don Th\u00e9og\u00e8ne Ndagijimana viene de Ruanda y es sacerdote de la Di\u00f3cesis de Nyundo. Descubri\u00f3 la vocaci\u00f3n gracias a la familia y est\u00e1 estudiando en la Pontificia Universidad de la Santa Cruz, en Roma. \u00abSoy Th\u00e9og\u00e8ne Ndagijimana, sacerdote diocesano de la Di\u00f3cesis de Nyundo en Ruanda (\u00c1frica). Nac\u00ed el 11 de julio de 1988 en [&hellip;]<\/p>\n","protected":false},"featured_media":0,"menu_order":0,"template":"","format":"standard","meta":{"_acf_changed":false,"give_campaign_id":0,"footnotes":""},"tags":[],"pcatd":[],"cantidad":[],"continente":[],"estadobeca":[],"class_list":["post-181921","candidatos","type-candidatos","status-publish","format-standard","hentry"],"acf":[],"_links":{"self":[{"href":"https:\/\/fundacioncarf.org\/fr\/wp-json\/wp\/v2\/candidatos\/181921","targetHints":{"allow":["GET"]}}],"collection":[{"href":"https:\/\/fundacioncarf.org\/fr\/wp-json\/wp\/v2\/candidatos"}],"about":[{"href":"https:\/\/fundacioncarf.org\/fr\/wp-json\/wp\/v2\/types\/candidatos"}],"version-history":[{"count":0,"href":"https:\/\/fundacioncarf.org\/fr\/wp-json\/wp\/v2\/candidatos\/181921\/revisions"}],"wp:attachment":[{"href":"https:\/\/fundacioncarf.org\/fr\/wp-json\/wp\/v2\/media?parent=181921"}],"wp:term":[{"taxonomy":"post_tag","embeddable":true,"href":"https:\/\/fundacioncarf.org\/fr\/wp-json\/wp\/v2\/tags?post=181921"},{"taxonomy":"pcatd","embeddable":true,"href":"https:\/\/fundacioncarf.org\/fr\/wp-json\/wp\/v2\/pcatd?post=181921"},{"taxonomy":"cantidad","embeddable":true,"href":"https:\/\/fundacioncarf.org\/fr\/wp-json\/wp\/v2\/cantidad?post=181921"},{"taxonomy":"continente","embeddable":true,"href":"https:\/\/fundacioncarf.org\/fr\/wp-json\/wp\/v2\/continente?post=181921"},{"taxonomy":"estadobeca","embeddable":true,"href":"https:\/\/fundacioncarf.org\/fr\/wp-json\/wp\/v2\/estadobeca?post=181921"}],"curies":[{"name":"wp","href":"https:\/\/api.w.org\/{rel}","templated":true}]}}