{"id":181650,"date":"2023-05-15T20:56:19","date_gmt":"2023-05-15T18:56:19","guid":{"rendered":"https:\/\/staging.fundacioncarf.org\/colabora\/pon-cara-a-tu-donativo\/saul-ruiz-garcia\/"},"modified":"2025-08-20T15:47:20","modified_gmt":"2025-08-20T13:47:20","slug":"saul-ruiz-garcia","status":"publish","type":"candidatos","link":"https:\/\/fundacioncarf.org\/fr\/colabora\/pon-cara-a-tu-donativo\/saul-ruiz-garcia\/","title":{"rendered":"Sa\u00fal Ruiz Garc\u00eda"},"content":{"rendered":"<p data-start=\"90\" data-end=\"257\"><span style=\"font-weight: 400;\">\"<\/span>Je suis Sa\u00fal Ruiz Garc\u00eda, pr\u00eatre du dioc\u00e8se de Tabasco au Mexique. J'ai \u00e9t\u00e9 ordonn\u00e9 pr\u00eatre par imposition des mains par mon \u00e9v\u00eaque il y a peu de temps.<\/p>\n<p data-start=\"259\" data-end=\"604\">J'avais 15 ans lorsque j'ai d\u00e9couvert l'appel de Dieu en participant \u00e0 un mouvement d'adolescents dans ma paroisse, dans la municipalit\u00e9 de Nacajuca, dans le dioc\u00e8se de Tabasco. Le t\u00e9moignage de vie des pr\u00eatres qui nous accompagnaient dans la paroisse m'a incit\u00e9 \u00e0 \u00e9couter la voix de Dieu qui murmurait \u00e0 mon oreille : \"Viens, suis-moi\".<\/p>\n<p data-start=\"606\" data-end=\"775\">Apr\u00e8s avoir termin\u00e9 mes \u00e9tudes universitaires, j'ai r\u00e9pondu \u00e0 l'appel que Dieu m'avait lanc\u00e9 sept ans plus t\u00f4t, mais dont je me souvenais chaque jour comme de la premi\u00e8re fois : \"Viens, suis-moi\".<\/p>\n<p data-start=\"777\" data-end=\"906\">\"Depuis 2016, j'\u00e9tudie la th\u00e9ologie \u00e0 l'universit\u00e9 de Navarre gr\u00e2ce au soutien que je re\u00e7ois de votre part.<\/p>\n<p data-start=\"908\" data-end=\"1012\">L'ann\u00e9e 2020 a \u00e9t\u00e9 tr\u00e8s difficile et nous n'aurions probablement jamais imagin\u00e9 vivre une telle situation.<\/p>\n<p data-start=\"1014\" data-end=\"1435\">Malgr\u00e9 cela, j'ai fait l'exp\u00e9rience de la gr\u00e2ce de Dieu dans ma vie, car le 31 mai dernier, j'ai \u00e9t\u00e9 ordonn\u00e9 diacre dans la paroisse de San Nicol\u00e1s, \u00e0 Pampelune. Ce fut une c\u00e9l\u00e9bration diff\u00e9rente, v\u00e9cue dans l'intimit\u00e9 du S\u00e9minaire international de la Bidassoa, partag\u00e9e avec des s\u00e9minaristes et des pr\u00eatres qui m'\u00e9taient tr\u00e8s proches, car, en raison de la pand\u00e9mie, il n'a pas \u00e9t\u00e9 possible pour beaucoup d'autres personnes de nous accompagner comme nous l'aurions souhait\u00e9.<\/p>\n<p data-start=\"1437\" data-end=\"1697\">J'ai eu l'occasion de me rendre dans mon dioc\u00e8se en juin de la m\u00eame ann\u00e9e. L\u00e0, la situation \u00e9tait assez compliqu\u00e9e par rapport \u00e0 la pand\u00e9mie. Les messes n'\u00e9taient pas c\u00e9l\u00e9br\u00e9es en pr\u00e9sence des gens, et j'ai d\u00fb suivre les transmissions \u00e0 travers les r\u00e9seaux sociaux.<\/p>\n<p data-start=\"1699\" data-end=\"1947\">C'est le 15 ao\u00fbt que j'ai re\u00e7u un appel de mon \u00e9v\u00eaque. Il m'a inform\u00e9 qu'il avait pris la d\u00e9cision de proc\u00e9der \u00e0 mon ordination sacerdotale le 31 ao\u00fbt, deux jours avant mon retour en Espagne, car je devais poursuivre mes \u00e9tudes bibliques.<\/p>\n<p data-start=\"1949\" data-end=\"2249\">L'ordination sacerdotale \u00e9tait encore plus intime que l'ordination diaconale, seuls mon p\u00e8re et mes fr\u00e8res et s\u0153urs (10 personnes invit\u00e9es) pouvaient m'accompagner et, comme elle se d\u00e9roulait au Grand S\u00e9minaire de mon dioc\u00e8se, seuls les s\u00e9minaristes et les pr\u00eatres de l'\u00e9quipe de formation \u00e9taient pr\u00e9sents, tout \u00e9tait \u00e0 huis clos.<\/p>\n<p data-start=\"2251\" data-end=\"2642\">Pendant ma formation au s\u00e9minaire, neuf ans au total, lorsque je pensais \u00e0 l'ordination sacerdotale, je me r\u00e9jouissais de partager ce moment avec le peuple de Dieu, mais le moment venu, cela n'a pas \u00e9t\u00e9 possible en raison de la situation dans laquelle nous nous trouvons. Malgr\u00e9 cela, je n'ai pas cess\u00e9 de ressentir le soutien spirituel que de nombreuses personnes, amis et connaissances, m'ont exprim\u00e9\".<\/p>\n<p data-start=\"2644\" data-end=\"2842\">Je leur suis profond\u00e9ment reconnaissant pour l'\u00e9norme travail qu'ils accomplissent afin que les pr\u00eatres et les s\u00e9minaristes puissent poursuivre leur formation, une formation qui s'appuie sur une grande vision de l'universalit\u00e9 de notre \u00c9glise.<\/p>\n<p data-start=\"2844\" data-end=\"2922\">Que Dieu et notre M\u00e8re la Vierge de Guadalupe vous b\u00e9nissent abondamment\".<span style=\"font-weight: 400;\">\"<\/span>.<\/p>","protected":false},"excerpt":{"rendered":"<p>\u00abSoy Sa\u00fal Ruiz Garc\u00eda, sacerdote de la di\u00f3cesis de Tabasco en M\u00e9xico. Hace relativamente poco recib\u00ed, por medio de la imposici\u00f3n de manos de mi obispo, la ordenaci\u00f3n sacerdotal. Ten\u00eda 15 a\u00f1os cuando descubr\u00ed la llamada de Dios mientras participaba en un movimiento de adolescentes en mi parroquia, en el municipio de Nacajuca, di\u00f3cesis de [&hellip;]<\/p>\n","protected":false},"featured_media":0,"menu_order":0,"template":"","format":"standard","meta":{"_acf_changed":false,"give_campaign_id":0,"footnotes":""},"tags":[120],"pcatd":[],"cantidad":[],"continente":[],"estadobeca":[3],"class_list":["post-181650","candidatos","type-candidatos","status-publish","format-standard","hentry","tag-sacerdote","estadobeca-en-curso"],"acf":[],"_links":{"self":[{"href":"https:\/\/fundacioncarf.org\/fr\/wp-json\/wp\/v2\/candidatos\/181650","targetHints":{"allow":["GET"]}}],"collection":[{"href":"https:\/\/fundacioncarf.org\/fr\/wp-json\/wp\/v2\/candidatos"}],"about":[{"href":"https:\/\/fundacioncarf.org\/fr\/wp-json\/wp\/v2\/types\/candidatos"}],"version-history":[{"count":3,"href":"https:\/\/fundacioncarf.org\/fr\/wp-json\/wp\/v2\/candidatos\/181650\/revisions"}],"predecessor-version":[{"id":223000,"href":"https:\/\/fundacioncarf.org\/fr\/wp-json\/wp\/v2\/candidatos\/181650\/revisions\/223000"}],"wp:attachment":[{"href":"https:\/\/fundacioncarf.org\/fr\/wp-json\/wp\/v2\/media?parent=181650"}],"wp:term":[{"taxonomy":"post_tag","embeddable":true,"href":"https:\/\/fundacioncarf.org\/fr\/wp-json\/wp\/v2\/tags?post=181650"},{"taxonomy":"pcatd","embeddable":true,"href":"https:\/\/fundacioncarf.org\/fr\/wp-json\/wp\/v2\/pcatd?post=181650"},{"taxonomy":"cantidad","embeddable":true,"href":"https:\/\/fundacioncarf.org\/fr\/wp-json\/wp\/v2\/cantidad?post=181650"},{"taxonomy":"continente","embeddable":true,"href":"https:\/\/fundacioncarf.org\/fr\/wp-json\/wp\/v2\/continente?post=181650"},{"taxonomy":"estadobeca","embeddable":true,"href":"https:\/\/fundacioncarf.org\/fr\/wp-json\/wp\/v2\/estadobeca?post=181650"}],"curies":[{"name":"wp","href":"https:\/\/api.w.org\/{rel}","templated":true}]}}