{"id":181604,"date":"2023-05-15T20:55:02","date_gmt":"2023-05-15T18:55:02","guid":{"rendered":"https:\/\/staging.fundacioncarf.org\/colabora\/pon-cara-a-tu-donativo\/julio-cesar-morillo-leal\/"},"modified":"2025-08-01T10:01:50","modified_gmt":"2025-08-01T08:01:50","slug":"julio-cesar-morillo-leal","status":"publish","type":"candidatos","link":"https:\/\/fundacioncarf.org\/fr\/colabora\/pon-cara-a-tu-donativo\/julio-cesar-morillo-leal\/","title":{"rendered":"Julio C\u00e9sar Morillo Leal"},"content":{"rendered":"<p><span style=\"font-weight: 400;\">\"<\/span>Julio C\u00e9sar Morillo a 33 ans et est s\u00e9minariste dans le dioc\u00e8se de Cabimas, au Venezuela. Il est l'a\u00een\u00e9 de deux fr\u00e8res issus d'une famille modeste.<\/p>\n<p>\"D\u00e8s mon plus jeune \u00e2ge, j'ai re\u00e7u beaucoup d'attention de la part de ma famille, car j'ai grandi avec mes grands-parents dans leur village pendant les premi\u00e8res ann\u00e9es de ma vie.<\/p>\n<p class=\"Default\">Puis je suis all\u00e9e vivre avec mes parents en ville et le changement a \u00e9t\u00e9 tr\u00e8s dur, car il y avait peu de moments o\u00f9 nous pouvions \u00eatre en paix. Mes parents ne se comprenaient pas beaucoup et lorsque j'avais environ 15 ans, la situation \u00e9tait si difficile que j'ai m\u00eame pens\u00e9 \u00e0 quitter la maison, mais \u00e0 cette \u00e9poque, mes parents ont divorc\u00e9 et je suis rest\u00e9e vivre avec ma s\u0153ur et ma m\u00e8re.<\/p>\n<p class=\"Default\">D\u00e8s cet \u00e2ge, j'ai d\u00fb assumer certaines responsabilit\u00e9s \u00e0 la maison et me fixer divers objectifs qui m'ont amen\u00e9 \u00e0 me concentrer sur leur r\u00e9alisation avec beaucoup de travail, de d\u00e9vouement et d'efforts. J'ai con\u00e7u de telle mani\u00e8re ce que je voulais pour ma vie et j'ai suivi ce plan jusqu'\u00e0 ce que je le r\u00e9alise.<\/p>\n<p class=\"Default\">J'ai choisi d'\u00e9tudier l'ing\u00e9nierie parce que je suis passionn\u00e9e par les chiffres. Mes r\u00eaves \u00e9taient donc principalement bas\u00e9s sur l'obtention d'un dipl\u00f4me d'ing\u00e9nieur afin de pouvoir ensuite non seulement travailler dans ce domaine, mais aussi enseigner au niveau universitaire.<\/p>\n<p class=\"Default\">En ce qui concerne ma vocation, je dois dire que chacun a sa propre histoire et re\u00e7oit l'appel du Seigneur \u00e0 le suivre d'une mani\u00e8re particuli\u00e8re. Dans mon cas, depuis ma jeunesse, j'ai appartenu \u00e0 divers mouvements et groupes apostoliques au sein de l'\u00c9glise de mon pays, tels que Jovenmisi\u00f3n, Pastoral Juvenil, Cursillos de Cristiandad, Legi\u00f3n de Mar\u00eda, et un en particulier, Encuentros Familiares de Venezuela, o\u00f9 j'ai servi Dieu pendant plusieurs ann\u00e9es.<\/p>\n<p class=\"Default\">Il est int\u00e9ressant de noter que ce mouvement se concentre sur la famille et sur l'engagement personnel \u00e0 cr\u00e9er une future famille. Mon projet de vie \u00e9tait ax\u00e9 sur cette voie, tandis que j'ai toujours senti la pr\u00e9sence de Dieu dans mon projet professionnel, ce qui m'a fait croire que c'\u00e9tait aussi ce que Dieu voulait pour moi.<\/p>\n<p class=\"Default\">Je suis dipl\u00f4m\u00e9 en tant qu'ing\u00e9nieur p\u00e9trolier et j'ai exerc\u00e9 ma profession dans ce domaine et en tant que professeur d'universit\u00e9. J'\u00e9tais \u00e0 l'apog\u00e9e de mon projet professionnel : ma famille \u00e9tait tr\u00e8s heureuse des r\u00e9sultats que j'avais obtenus jusque-l\u00e0 et mes amis \u00e9taient quelque peu admiratifs de mes r\u00e9alisations \u00e0 un si jeune \u00e2ge.<\/p>\n<p class=\"Default\">Je pensais que ce serait la chose qui me rendrait pleinement heureux, mais en r\u00e9alit\u00e9, ce n'\u00e9tait pas le cas. Je me sentais un peu vide. Je me sentais un peu vide et je sentais aussi que j'\u00e9tais appel\u00e9 \u00e0 autre chose, alors je devais me concentrer pour le d\u00e9couvrir.<\/p>\n<p class=\"Default\">Ce fut un coup dur de r\u00e9aliser que mon projet avait \u00e9chou\u00e9 malgr\u00e9 le succ\u00e8s que j'avais obtenu jusqu'alors, et c'est alors que j'ai commenc\u00e9 une recherche que j'ai men\u00e9e avec l'aide de mon directeur spirituel, en commen\u00e7ant par d\u00e9cider de laisser mon avenir entre les mains de Dieu et de laisser Sa Volont\u00e9 s'accomplir dans ma vie.<\/p>\n<p class=\"Default\">\u00c0 ce moment-l\u00e0, j'ai r\u00e9alis\u00e9 que, bien que j'aie fait mon plan, je ne l'avais jamais soumis \u00e0 Dieu pour qu'il l'examine afin de voir si c'\u00e9tait vraiment ce qu'il voulait pour moi. Ma pri\u00e8re \u00e9tait uniquement bas\u00e9e sur la demande d'aide pour le r\u00e9aliser et je sens que Dieu m'a permis de le r\u00e9aliser.<\/p>\n<p class=\"Default\">\u00c0 partir de ce moment, divers \u00e9v\u00e9nements ont commenc\u00e9 \u00e0 se produire, dans lesquels j'ai clairement vu que le Seigneur me demandait de me donner totalement pour le suivre : quitter mon emploi, ma profession, mes \u00e9tudes, et m\u00eame ma famille, qui n'\u00e9tait pas d'accord au d\u00e9but.<\/p>\n<p class=\"Default\">Ils ne comprenaient pas le changement que cela signifiait de laisser tout ce que j'avais construit au fil des ans pour m'engager dans une nouvelle voie. Certains y ont vu un signe d'immaturit\u00e9 ou de confusion de ma part, et j'ai m\u00eame senti qu'ils me consid\u00e9raient avec piti\u00e9 et d\u00e9ception.<\/p>\n<p class=\"Default\">L\u00e0, je me suis souvenu d'une grande phrase de Saint Jean Bosco qui m'a fait avoir davantage confiance en Dieu face \u00e0 ce que je vivais : \"Quand il s'agit de suivre sa vocation, il faut \u00eatre pr\u00eat \u00e0 tout sacrifier\". Puis j'ai pris la d\u00e9cision de me lancer dans cette aventure de la vocation et Dieu s'est progressivement charg\u00e9 de tout remettre \u00e0 sa place, d'accompagner ma famille et de prendre la place que j'ai laiss\u00e9e en elle.<\/p>\n<p class=\"Default\">J'ai senti la mis\u00e9ricorde de Dieu qui m'a appel\u00e9 et c'est pourquoi j'ai commenc\u00e9 ma formation il y a un peu plus de 6 ans, et jusqu'\u00e0 pr\u00e9sent je suis tr\u00e8s heureux de voir que le r\u00eave que Dieu a eu pour moi se r\u00e9alise, malgr\u00e9 mes faiblesses\".<span style=\"font-weight: 400;\">\".<\/span><\/p>","protected":false},"excerpt":{"rendered":"<p>\u00abJulio C\u00e9sar Morillo tiene 38 a\u00f1os y es un seminarista de la di\u00f3cesis de Cabimas, Venezuela. Es el mayor de 2 hermanos de una familia humilde. \"Desde peque\u00f1o recib\u00ed mucha atenci\u00f3n por parte de mi familia ya que durante los primeros a\u00f1os de vida crec\u00ed con mis abuelos en su pueblo. Luego me fui a [&hellip;]<\/p>\n","protected":false},"featured_media":0,"menu_order":0,"template":"","format":"standard","meta":{"_acf_changed":false,"give_campaign_id":0,"footnotes":""},"tags":[121],"pcatd":[],"cantidad":[],"continente":[],"estadobeca":[3],"class_list":["post-181604","candidatos","type-candidatos","status-publish","format-standard","hentry","tag-seminarista","estadobeca-en-curso"],"acf":[],"_links":{"self":[{"href":"https:\/\/fundacioncarf.org\/fr\/wp-json\/wp\/v2\/candidatos\/181604","targetHints":{"allow":["GET"]}}],"collection":[{"href":"https:\/\/fundacioncarf.org\/fr\/wp-json\/wp\/v2\/candidatos"}],"about":[{"href":"https:\/\/fundacioncarf.org\/fr\/wp-json\/wp\/v2\/types\/candidatos"}],"version-history":[{"count":2,"href":"https:\/\/fundacioncarf.org\/fr\/wp-json\/wp\/v2\/candidatos\/181604\/revisions"}],"predecessor-version":[{"id":221067,"href":"https:\/\/fundacioncarf.org\/fr\/wp-json\/wp\/v2\/candidatos\/181604\/revisions\/221067"}],"wp:attachment":[{"href":"https:\/\/fundacioncarf.org\/fr\/wp-json\/wp\/v2\/media?parent=181604"}],"wp:term":[{"taxonomy":"post_tag","embeddable":true,"href":"https:\/\/fundacioncarf.org\/fr\/wp-json\/wp\/v2\/tags?post=181604"},{"taxonomy":"pcatd","embeddable":true,"href":"https:\/\/fundacioncarf.org\/fr\/wp-json\/wp\/v2\/pcatd?post=181604"},{"taxonomy":"cantidad","embeddable":true,"href":"https:\/\/fundacioncarf.org\/fr\/wp-json\/wp\/v2\/cantidad?post=181604"},{"taxonomy":"continente","embeddable":true,"href":"https:\/\/fundacioncarf.org\/fr\/wp-json\/wp\/v2\/continente?post=181604"},{"taxonomy":"estadobeca","embeddable":true,"href":"https:\/\/fundacioncarf.org\/fr\/wp-json\/wp\/v2\/estadobeca?post=181604"}],"curies":[{"name":"wp","href":"https:\/\/api.w.org\/{rel}","templated":true}]}}