{"id":181581,"date":"2023-05-15T20:53:29","date_gmt":"2023-05-15T18:53:29","guid":{"rendered":"https:\/\/staging.fundacioncarf.org\/colabora\/pon-cara-a-tu-donativo\/otto-fernando-arana-mont\/"},"modified":"2026-09-02T15:02:52","modified_gmt":"2026-09-02T13:02:52","slug":"otto-fernando-arana-mont","status":"publish","type":"candidatos","link":"https:\/\/fundacioncarf.org\/fr\/colabora\/pon-cara-a-tu-donativo\/otto-fernando-arana-mont\/","title":{"rendered":"Otto Fernando Arana Mont"},"content":{"rendered":"<p><span style=\"font-weight: 400;\">\"<\/span>Il \u00e9tudie actuellement \u00e0 la Bidassoa, o\u00f9 il appr\u00e9cie des sujets tels que la patrologie, le Pentateuque et les livres historiques, ainsi que les \u00c9vangiles synoptiques et les Actes des Ap\u00f4tres. Il compl\u00e8te son int\u00e9r\u00eat pour les Saintes \u00c9critures par le cours d'h\u00e9breu biblique et le s\u00e9minaire de grec avanc\u00e9.<\/p>\n<p>\"Gr\u00e2ce \u00e0 cela, j'ai pu continuer \u00e0 d\u00e9couvrir avec \u00e9merveillement le r\u00eave que Dieu a pour ma vie, dans la formation vers la pr\u00eatrise\".<\/p>\n<p>\"Dieu nous surprend toujours par son amour et sa g\u00e9n\u00e9rosit\u00e9, qu'il aime rendre pr\u00e9sents \u00e0 travers les \u00e2mes qu'il choisit pour \u00eatre les fid\u00e8les continuateurs de son \u0153uvre, en aidant, dans ce cas, chacun d'entre nous qui a \u00e9t\u00e9 appel\u00e9 \u00e0 r\u00e9pondre librement \u00e0 cette invitation de J\u00e9sus lui-m\u00eame, qui r\u00e9sonne depuis tant de si\u00e8cles : \"Suis-moi\" (Mt 9,9).<\/p>\n<p>Rappelez-vous constamment les paroles que J\u00e9sus a d\u00e9j\u00e0 prononc\u00e9es \u00e0 votre \u00e9gard et \u00e0 l'\u00e9gard de tous ceux qui, recevant le don de g\u00e9n\u00e9rosit\u00e9, aideront ceux qu'il a appel\u00e9s \u00e0 \u00eatre avec lui : \"Et quiconque donnera ne serait-ce qu'un gobelet d'eau fra\u00eeche \u00e0 boire \u00e0 l'un de ces petits parce qu'il est disciple, en v\u00e9rit\u00e9 je vous le dis, il ne restera pas sans r\u00e9compense\" Mt 10:42.<\/p>\n<p>Combien grandes seront l'accolade et la r\u00e9compense \u00e9ternelle que Dieu leur donnera pour l'avoir aid\u00e9 dans la formation de ses pr\u00eatres ! Toutes les messes qui seront c\u00e9l\u00e9br\u00e9es pour adorer, louer, b\u00e9nir, remercier et demander le pardon de Dieu ; les multitudes d'\u00e2mes qui recevront le pardon de leurs p\u00e9ch\u00e9s parce qu'il y a un pr\u00eatre qui peut les confesser, tous ceux qui, avec un conseil opportun que Dieu leur donnera par l'interm\u00e9diaire de leur ministre, pourront venir \u00e0 lui et changer leur vie.<\/p>\n<p>Je continuerai \u00e0 vous avoir pr\u00e9sents devant l'autel de Dieu dans la Sainte Messe, dans mes pri\u00e8res et autres offrandes que le Seigneur acceptera pour chacun d'entre vous. Que le Dieu Trinitaire vous b\u00e9nisse, que Notre M\u00e8re veille sur vous et que Saint Joseph vous prot\u00e8ge toujours et partout.<\/p>","protected":false},"excerpt":{"rendered":"<p>\u00abActualmente me forma en Bidasoa, donde disfruto con materias como\u00a0 Patrolog\u00eda, Pentateuco y libros hist\u00f3ricos, as\u00ed como Evangelios Sin\u00f3pticos y Hechos de los Ap\u00f3stoles, complementando mi inter\u00e9s en la Sagrada Escritura con el curso de Hebreo b\u00edblico y el seminario de Griego Avanzado. Gracias a ello, he podido seguir descubriendo con asombro el sue\u00f1o que [&hellip;]<\/p>\n","protected":false},"featured_media":0,"menu_order":0,"template":"","format":"standard","meta":{"_acf_changed":false,"footnotes":""},"tags":[121],"pcatd":[],"cantidad":[],"continente":[],"estadobeca":[3],"class_list":["post-181581","candidatos","type-candidatos","status-publish","format-standard","hentry","tag-seminarista","estadobeca-en-curso"],"acf":[],"_links":{"self":[{"href":"https:\/\/fundacioncarf.org\/fr\/wp-json\/wp\/v2\/candidatos\/181581","targetHints":{"allow":["GET"]}}],"collection":[{"href":"https:\/\/fundacioncarf.org\/fr\/wp-json\/wp\/v2\/candidatos"}],"about":[{"href":"https:\/\/fundacioncarf.org\/fr\/wp-json\/wp\/v2\/types\/candidatos"}],"version-history":[{"count":1,"href":"https:\/\/fundacioncarf.org\/fr\/wp-json\/wp\/v2\/candidatos\/181581\/revisions"}],"predecessor-version":[{"id":233597,"href":"https:\/\/fundacioncarf.org\/fr\/wp-json\/wp\/v2\/candidatos\/181581\/revisions\/233597"}],"wp:attachment":[{"href":"https:\/\/fundacioncarf.org\/fr\/wp-json\/wp\/v2\/media?parent=181581"}],"wp:term":[{"taxonomy":"post_tag","embeddable":true,"href":"https:\/\/fundacioncarf.org\/fr\/wp-json\/wp\/v2\/tags?post=181581"},{"taxonomy":"pcatd","embeddable":true,"href":"https:\/\/fundacioncarf.org\/fr\/wp-json\/wp\/v2\/pcatd?post=181581"},{"taxonomy":"cantidad","embeddable":true,"href":"https:\/\/fundacioncarf.org\/fr\/wp-json\/wp\/v2\/cantidad?post=181581"},{"taxonomy":"continente","embeddable":true,"href":"https:\/\/fundacioncarf.org\/fr\/wp-json\/wp\/v2\/continente?post=181581"},{"taxonomy":"estadobeca","embeddable":true,"href":"https:\/\/fundacioncarf.org\/fr\/wp-json\/wp\/v2\/estadobeca?post=181581"}],"curies":[{"name":"wp","href":"https:\/\/api.w.org\/{rel}","templated":true}]}}