{"id":181602,"date":"2023-05-15T20:53:29","date_gmt":"2023-05-15T18:53:29","guid":{"rendered":"https:\/\/staging.fundacioncarf.org\/colabora\/pon-cara-a-tu-donativo\/jesus-jaime-melean-bravo\/"},"modified":"2025-07-29T15:50:28","modified_gmt":"2025-07-29T13:50:28","slug":"jesus-jaime-melean-bravo","status":"publish","type":"candidatos","link":"https:\/\/fundacioncarf.org\/de\/colabora\/pon-cara-a-tu-donativo\/jesus-jaime-melean-bravo\/","title":{"rendered":"Jes\u00fas Jaime Mele\u00e1n Bravo"},"content":{"rendered":"<p><span style=\"font-weight: 400;\">Jes\u00fas Mele\u00e1n ist ein Seminarist aus der Di\u00f6zese Cabimas in Venezuela.<\/span><\/p>\n<p><span style=\"font-weight: 400;\">In seiner Familie, die zwar katholisch ist, gibt es nur wenige, die sich engagieren: die meisten gehen nicht regelm\u00e4\u00dfig zur Kirche. Auch Jesus geh\u00f6rte zu dieser Mehrheit. Er nahm nur teil, wenn es sich um eine Messe f\u00fcr einen verstorbenen Verwandten oder eine Danksagung zu einem Geburtstag handelte.<\/span><\/p>\n<p><span style=\"font-weight: 400;\">Nachdem er an einem Programm der venezolanischen Family Encounters teilgenommen hatte, das jungen Menschen und der Familie gewidmet ist, sp\u00fcrte er, dass Gott ihn rief, sein Leben zu \u00e4ndern, ihn zu suchen und jedem Mitglied seiner Familie durch Gottes Liebe zu begegnen.<\/span><\/p>\n<p><span style=\"font-weight: 400;\">\"Von diesem Moment an begann ich, mich f\u00fcr die Kirche zu engagieren, und nach und nach, ohne es zu merken, war ich voller Verpflichtungen und diente Gott auf jede erdenkliche Weise. Zur gleichen Zeit beendete ich meinen Universit\u00e4tsabschluss und war seit Jahren in einer Beziehung mit ernsthaften Heiratspl\u00e4nen. <\/span><\/p>\n<p><span style=\"font-weight: 400;\">Ich beendete mein Universit\u00e4tsstudium, machte meinen Abschluss in Sozialer Kommunikation und begann sofort bei einem regionalen Fernsehsender zu arbeiten, wo ich vom ersten Moment an sehr gut zurechtkam und Moderatorin der Hauptnachrichtensendung wurde.\u00a0<\/span><\/p>\n<p><span style=\"font-weight: 400;\">In meiner Apostolatsgruppe wurde ich zum regionalen Koordinator des Programms gew\u00e4hlt, in dem ich lebte. Das f\u00fchrte dazu, dass ich Verpflichtungen im Dienste Gottes \u00fcbernahm, die mir Spa\u00df machten und mich erf\u00fcllten. Genau das war es, was mich dazu brachte, mehr Dienst in meiner Gemeinde zu \u00fcbernehmen, bis zu dem Punkt, dass ich von meiner Arbeit in der Gemeinde ankam und allein nach Hause ging, um zu schlafen. Das machte mich zwar m\u00fcde, aber das machte mir nichts aus: Ich wollte mehr und mehr dienen.<\/span><\/p>\n<p><span style=\"font-weight: 400;\">Damals hatte ich das Gef\u00fchl, dass etwas fehlte, dass ich alles tat, was ich mochte, aber ich sp\u00fcrte, dass Gott mehr von mir wollte, dass ich mehr geben konnte. <\/span><\/p>\n<p><span style=\"font-weight: 400;\">Damals hatte ich das Gef\u00fchl, dass meine Arbeit mich nicht voll ausf\u00fcllte. Ich dachte nur daran, zu gehen und in der Kirche zu dienen. Ich begann, Probleme in meiner Beziehung zu haben, in der ich mich nicht erf\u00fcllt f\u00fchlte und viele Probleme auftraten, die mit der Trennung der Beziehung endeten. <\/span><\/p>\n<p><span style=\"font-weight: 400;\">All dies brachte mich dazu, mich zu fragen, was Gott wirklich von mir wollte. Mit Hilfe meines geistlichen Leiters begann ich meinen Entscheidungsprozess, und je tiefer ich in mich selbst eindrang, desto mehr sp\u00fcrte ich, dass Gott mich zu etwas Gro\u00dfem rief, dass er mich aufforderte, alles zu geben, alles f\u00fcr ihn zu verlassen.\u00a0<\/span><\/p>\n<p><span style=\"font-weight: 400;\">Allein der Gedanke daran erf\u00fcllte mich mit Angst, mit \u00c4ngsten, mit Verleugnungen, die mich dazu brachten, alles, was ich f\u00fchlte, v\u00f6llig zu ignorieren, ich wollte mich taub stellen f\u00fcr alles, was um mich herum geschah. <\/span><\/p>\n<p><span style=\"font-weight: 400;\">Dies f\u00fchrte dazu, dass ich eine spirituelle Trockenheit erlebte, in der ich mich schlecht f\u00fchlte, unzusammenh\u00e4ngend innerhalb der Kirche. Zu dieser Zeit suchte ich nach einem Ort, an dem ich mich gut f\u00fchlte, und traf die Entscheidung, meinen Job zu k\u00fcndigen und einen anderen zu finden, wo ich es nur 1 Monat aushielt und dann wieder k\u00fcndigte.<\/span><\/p>\n<p><span style=\"font-weight: 400;\">Es war sogar bei einer Pfingstvigil, wo ich w\u00e4hrend der Anbetung Gott bat, mir zu vergeben, dass ich so getan hatte, als w\u00e4re ich taub, dass ich so getan hatte, als w\u00fcrde ich mit dem R\u00fccken zu ihm leben.\u00a0<\/span><\/p>\n<p><span style=\"font-weight: 400;\">In diesem Moment begann ich wieder all das zu sp\u00fcren, was ich schon lange nicht mehr gef\u00fchlt hatte, diesen Ruf in meinem Herzen, diese Stimme, die mir sagte: Komm und folge mir, in diesem Moment stand ich auf und sagte Ja, ich wollte meinen Prozess im Seminar beginnen, weil ich mich zu dieser Berufung berufen f\u00fchlte.<\/span><\/p>\n<p><span style=\"font-weight: 400;\">Von diesem Moment an begann der Prozess mit meiner Familie. Es war nicht leicht f\u00fcr sie, meine Entscheidung zu akzeptieren, aber Gott verstand es, mir Menschen in den Weg zu stellen, die mir Kraft f\u00fcr den Moment gaben, in dem ich lebte, und auch ihre Herzen zu ber\u00fchren, damit sie meine Entscheidung akzeptieren konnten.\u00a0<\/span><\/p>\n<p><span style=\"font-weight: 400;\">Ich habe am Erzbisch\u00f6flichen Seminar von Maracaibo in Venezuela Philosophie studiert, und als ich mein Theologiestudium begann, entschied mein Bischof, dass ich meiner Ausbildung zuliebe mein Studium hier in Spanien beenden sollte, und zwar am Internationalen Seminar von Bidasoa und an der Universit\u00e4t von Navarra. <\/span><\/p>\n<p><span style=\"font-weight: 400;\">Sich dieser Situation zu stellen, bedeutete, mein Ja zu erneuern, mich vollst\u00e4ndig von meiner Familie zu l\u00f6sen und dieses neue Abenteuer zu beginnen, aber ich hatte keinen Zweifel daran, dass Gott auf dieser Seite der Welt Gro\u00dfes mit mir vorhatte.<\/span><\/p>","protected":false},"excerpt":{"rendered":"<p>Jes\u00fas Mele\u00e1n es un seminarista de la di\u00f3cesis de Cabimas, en Venezuela. En su familia, a pesar de ser una familia cat\u00f3lica, son pocos los que est\u00e1n comprometidos: la mayor\u00eda no asisten asiduamente a la iglesia. Jes\u00fas tambi\u00e9n era parte de esa mayor\u00eda, solo asist\u00eda cuando era una misa de alg\u00fan familiar difunto o de [&hellip;]<\/p>\n","protected":false},"featured_media":0,"menu_order":0,"template":"","format":"standard","meta":{"_acf_changed":false,"give_campaign_id":0,"footnotes":""},"tags":[121],"pcatd":[],"cantidad":[],"continente":[],"estadobeca":[3],"class_list":["post-181602","candidatos","type-candidatos","status-publish","format-standard","hentry","tag-seminarista","estadobeca-en-curso"],"acf":[],"_links":{"self":[{"href":"https:\/\/fundacioncarf.org\/de\/wp-json\/wp\/v2\/candidatos\/181602","targetHints":{"allow":["GET"]}}],"collection":[{"href":"https:\/\/fundacioncarf.org\/de\/wp-json\/wp\/v2\/candidatos"}],"about":[{"href":"https:\/\/fundacioncarf.org\/de\/wp-json\/wp\/v2\/types\/candidatos"}],"version-history":[{"count":1,"href":"https:\/\/fundacioncarf.org\/de\/wp-json\/wp\/v2\/candidatos\/181602\/revisions"}],"predecessor-version":[{"id":220204,"href":"https:\/\/fundacioncarf.org\/de\/wp-json\/wp\/v2\/candidatos\/181602\/revisions\/220204"}],"wp:attachment":[{"href":"https:\/\/fundacioncarf.org\/de\/wp-json\/wp\/v2\/media?parent=181602"}],"wp:term":[{"taxonomy":"post_tag","embeddable":true,"href":"https:\/\/fundacioncarf.org\/de\/wp-json\/wp\/v2\/tags?post=181602"},{"taxonomy":"pcatd","embeddable":true,"href":"https:\/\/fundacioncarf.org\/de\/wp-json\/wp\/v2\/pcatd?post=181602"},{"taxonomy":"cantidad","embeddable":true,"href":"https:\/\/fundacioncarf.org\/de\/wp-json\/wp\/v2\/cantidad?post=181602"},{"taxonomy":"continente","embeddable":true,"href":"https:\/\/fundacioncarf.org\/de\/wp-json\/wp\/v2\/continente?post=181602"},{"taxonomy":"estadobeca","embeddable":true,"href":"https:\/\/fundacioncarf.org\/de\/wp-json\/wp\/v2\/estadobeca?post=181602"}],"curies":[{"name":"wp","href":"https:\/\/api.w.org\/{rel}","templated":true}]}}